{"id":10005,"date":"2025-12-25T17:45:13","date_gmt":"2025-12-25T17:45:13","guid":{"rendered":"https:\/\/oponyexpert.shop\/xef5\/produkt\/4x-opony-265-45r21-vredestein-quatrac-pro\/"},"modified":"2025-12-25T17:45:13","modified_gmt":"2025-12-25T17:45:13","slug":"4x-opony-265-45r21-vredestein-quatrac-pro","status":"publish","type":"product","link":"https:\/\/oponixo.shop\/tire\/produkt\/4x-opony-265-45r21-vredestein-quatrac-pro\/","title":{"rendered":"4x OPONY 265\/45R21 Vredestein Quatrac Pro+"},"content":{"rendered":"<div style=\"font-family: Arial, sans-serif; line-height: 1.6; color: #333; padding: 20px; clear: both; display: block; width: 100%; float: none; position: static; overflow: hidden;\">\n<div style=\"clear: both; display: block; margin: 10px 0;\">\n<div style=\"clear: both; display: block; margin: 10px 0;\">\n<div style=\"clear: both; display: block; margin: 10px 0;\">\n<div  style=\"max-width:1200px;max-height:1200px\">\n<div style=\"clear: both; display: block; margin: 10px 0;\">\n<div style=\"clear: both; width: 100%; display: block; margin: 20px 0; padding: 0; float: none; position: static; text-align: center;\"><img decoding=\"async\"  src=\"https:\/\/a.allegroimg.com\/original\/110253\/faa4de774e20b0b6ee5afd7409d7\/4x-OPONY-265-45R21-Vredestein-Quatrac-Pro\" srcset=\"https:\/\/a.allegroimg.com\/original\/110253\/faa4de774e20b0b6ee5afd7409d7\/4x-OPONY-265-45R21-Vredestein-Quatrac-Pro 360w,https:\/\/a.allegroimg.com\/original\/110253\/faa4de774e20b0b6ee5afd7409d7\/4x-OPONY-265-45R21-Vredestein-Quatrac-Pro 720w,https:\/\/a.allegroimg.com\/original\/110253\/faa4de774e20b0b6ee5afd7409d7\/4x-OPONY-265-45R21-Vredestein-Quatrac-Pro 1024w,https:\/\/a.allegroimg.com\/original\/110253\/faa4de774e20b0b6ee5afd7409d7\/4x-OPONY-265-45R21-Vredestein-Quatrac-Pro 1200w,https:\/\/a.allegroimg.com\/original\/110253\/faa4de774e20b0b6ee5afd7409d7\/4x-OPONY-265-45R21-Vredestein-Quatrac-Pro 1200w\" sizes=\"(min-width: 1200px) 560px, (min-width: 992px) 50vw, 100vw\" width=\"1200px\" alt=\"4x OPONY 265\/45R21 Vredestein Quatrac Pro+\"\/ style=\"max-width: 100%; height: auto; display: block; margin: 0 auto;\"><\/div>\n<\/div>\n<\/div>\n<\/div>\n<\/div>\n<div style=\"clear: both; display: block; margin: 10px 0;\">\n<div style=\"clear: both; display: block; margin: 10px 0;\">\n<p style=\"margin: 15px 0; line-height: 1.8; clear: both; display: block; width: 100%; float: none; position: static;\">Nazwa modelu: <b>Vredestein Quatrac Pro+<\/b><\/p>\n<p style=\"margin: 15px 0; line-height: 1.8; clear: both; display: block; width: 100%; float: none; position: static;\">Rozmiar: <b>265\/45 R21<\/b><\/p>\n<p style=\"margin: 15px 0; line-height: 1.8; clear: both; display: block; width: 100%; float: none; position: static;\">Indeks pr\u0119dko\u015bci: <b>Y<\/b><\/p>\n<p style=\"margin: 15px 0; line-height: 1.8; clear: both; display: block; width: 100%; float: none; position: static;\">Indeks no\u015bno\u015bci: <b>108<\/b><\/p>\n<p style=\"margin: 15px 0; line-height: 1.8; clear: both; display: block; width: 100%; float: none; position: static;\">Kod producenta: <b>8714692810152<\/b><\/p>\n<p style=\"margin: 15px 0; line-height: 1.8; clear: both; display: block; width: 100%; float: none; position: static;\">Rodzaj pojazd\u00f3w: <b>osobowy<\/b><\/p>\n<p style=\"margin: 15px 0; line-height: 1.8; clear: both; display: block; width: 100%; float: none; position: static;\">Sezon: <b>ca\u0142oroczne<\/b><\/p>\n<p style=\"margin: 15px 0; line-height: 1.8; clear: both; display: block; width: 100%; float: none; position: static;\">Dodatkowe oznaczenia: <b> brak <\/b><\/p>\n<p style=\"margin: 15px 0; line-height: 1.8; clear: both; display: block; width: 100%; float: none; position: static;\">Rok produkcji: <b> 2024 <\/b><\/p>\n<\/div>\n<\/div>\n<\/div>\n<div style=\"clear: both; display: block; margin: 10px 0;\">\n<div style=\"clear: both; display: block; margin: 10px 0;\">\n<div style=\"clear: both; display: block; margin: 10px 0;\">\n<h2>Etykieta dla opon wyprodukowanych po 01.05.2021<\/h2>\n<h3 style=\"color: #2c5aa0; font-size: 18px; margin: 30px 0 15px 0; font-weight: bold; clear: both; display: block; width: 100%; float: none; position: static;\">Efektywno\u015b\u0107 energetyczna \/ op\u00f3r toczenia<\/h3>\n<p style=\"margin: 15px 0; line-height: 1.8; clear: both; display: block; width: 100%; float: none; position: static;\">Op\u00f3r toczenia to inaczej straty energii, kt\u00f3re powstaj\u0105, kiedy opona odkszta\u0142ca si\u0119 podczas jazdy na skutek kontaktu z pod\u0142o\u017cem. Mniejszy op\u00f3r toczenia oznacza, \u017ce opona zu\u017cywa mniej energii, samoch\u00f3d spala mniej paliwa i jazda jest bardziej ekologiczna.<\/p>\n<h3 style=\"color: #2c5aa0; font-size: 18px; margin: 30px 0 15px 0; font-weight: bold; clear: both; display: block; width: 100%; float: none; position: static;\">Przyczepno\u015b\u0107 na mokrej nawierzchni<\/h3>\n<p style=\"margin: 15px 0; line-height: 1.8; clear: both; display: block; width: 100%; float: none; position: static;\">Hamowanie na mokrej nawierzchni mierzy si\u0119 w metrach od momentu rozpocz\u0119cia hamowania do pe\u0142nego zatrzymania auta. Jest kluczowe dla bezpiecze\u0144stwa jazdy. Ocena A oznacza najkr\u00f3tsz\u0105 drog\u0119 hamowania. G &#8211; najd\u0142u\u017csz\u0105.<\/p>\n<h3 style=\"color: #2c5aa0; font-size: 18px; margin: 30px 0 15px 0; font-weight: bold; clear: both; display: block; width: 100%; float: none; position: static;\">Zewn\u0119trzny ha\u0142as toczenia<\/h3>\n<p style=\"margin: 15px 0; line-height: 1.8; clear: both; display: block; width: 100%; float: none; position: static;\">Ha\u0142as, kt\u00f3ry wytwarzaj\u0105 opony w trakcie jazdy. Mierzony w decybelach. Cicho\u015b\u0107 opony znacznie wp\u0142ywa na ochron\u0119 \u015brodowiska.<\/p>\n<\/div>\n<\/div>\n<div style=\"clear: both; display: block; margin: 10px 0;\">\n<div style=\"clear: both; display: block; margin: 10px 0;\">\n<div  style=\"max-width:886px;max-height:1299px\">\n<div style=\"clear: both; display: block; margin: 10px 0;\">\n<div style=\"clear: both; width: 100%; display: block; margin: 20px 0; padding: 0; float: none; position: static; text-align: center;\"><img decoding=\"async\"  src=\"https:\/\/a.allegroimg.com\/original\/113129\/2b74c00a4782b92f2ab1429cbf75\/4x-OPONY-265-45R21-Vredestein-Quatrac-Pro-Srednica-21\" srcset=\"https:\/\/a.allegroimg.com\/original\/113129\/2b74c00a4782b92f2ab1429cbf75\/4x-OPONY-265-45R21-Vredestein-Quatrac-Pro-Srednica-21 245w,https:\/\/a.allegroimg.com\/original\/113129\/2b74c00a4782b92f2ab1429cbf75\/4x-OPONY-265-45R21-Vredestein-Quatrac-Pro-Srednica-21 491w,https:\/\/a.allegroimg.com\/original\/113129\/2b74c00a4782b92f2ab1429cbf75\/4x-OPONY-265-45R21-Vredestein-Quatrac-Pro-Srednica-21 698w,https:\/\/a.allegroimg.com\/original\/113129\/2b74c00a4782b92f2ab1429cbf75\/4x-OPONY-265-45R21-Vredestein-Quatrac-Pro-Srednica-21 886w,https:\/\/a.allegroimg.com\/original\/113129\/2b74c00a4782b92f2ab1429cbf75\/4x-OPONY-265-45R21-Vredestein-Quatrac-Pro-Srednica-21 886w\" sizes=\"(min-width: 1200px) 560px, (min-width: 992px) 50vw, 100vw\" width=\"886px\" alt=\"4x OPONY 265\/45R21 Vredestein Quatrac Pro+ \u015arednica 21&quot;\"\/ style=\"max-width: 100%; height: auto; display: block; margin: 0 auto;\"><\/div>\n<\/div>\n<\/div>\n<\/div>\n<\/div>\n<\/div>\n<div style=\"clear: both; display: block; margin: 10px 0;\">\n<div style=\"clear: both; display: block; margin: 10px 0;\">\n<div style=\"clear: both; display: block; margin: 10px 0;\">\n<div  style=\"max-width:300px;max-height:440px\">\n<div style=\"clear: both; display: block; margin: 10px 0;\">\n<div style=\"clear: both; width: 100%; display: block; margin: 20px 0; padding: 0; float: none; position: static; text-align: center;\"><img decoding=\"async\"  src=\"https:\/\/a.allegroimg.com\/original\/111825\/94f3b3764acebe08ff0c03941c86\/4x-OPONY-265-45R21-Vredestein-Quatrac-Pro-Profil-opony-45\" srcset=\"https:\/\/a.allegroimg.com\/original\/111825\/94f3b3764acebe08ff0c03941c86\/4x-OPONY-265-45R21-Vredestein-Quatrac-Pro-Profil-opony-45 245w,https:\/\/a.allegroimg.com\/original\/111825\/94f3b3764acebe08ff0c03941c86\/4x-OPONY-265-45R21-Vredestein-Quatrac-Pro-Profil-opony-45 300w,https:\/\/a.allegroimg.com\/original\/111825\/94f3b3764acebe08ff0c03941c86\/4x-OPONY-265-45R21-Vredestein-Quatrac-Pro-Profil-opony-45 300w\" sizes=\"(min-width: 1200px) 560px, (min-width: 992px) 50vw, 100vw\" width=\"300px\" alt=\"4x OPONY 265\/45R21 Vredestein Quatrac Pro+ Profil opony 45\"\/ style=\"max-width: 100%; height: auto; display: block; margin: 0 auto;\"><\/div>\n<\/div>\n<\/div>\n<\/div>\n<\/div>\n<div style=\"clear: both; display: block; margin: 10px 0;\">\n<div style=\"clear: both; display: block; margin: 10px 0;\">\n<h2>Etykieta dla opon wyprodukowanych przed 01.05.2021<\/h2>\n<h3 style=\"color: #2c5aa0; font-size: 18px; margin: 30px 0 15px 0; font-weight: bold; clear: both; display: block; width: 100%; float: none; position: static;\">Efektywno\u015b\u0107 energetyczna \/ op\u00f3r toczenia<\/h3>\n<p style=\"margin: 15px 0; line-height: 1.8; clear: both; display: block; width: 100%; float: none; position: static;\">Op\u00f3r toczenia to inaczej straty energii, kt\u00f3re powstaj\u0105, kiedy opona odkszta\u0142ca si\u0119 podczas jazdy na skutek kontaktu z pod\u0142o\u017cem. Mniejszy op\u00f3r toczenia oznacza, \u017ce opona zu\u017cywa mniej energii, samoch\u00f3d spala mniej paliwa i jazda jest bardziej ekologiczna.<\/p>\n<h3 style=\"color: #2c5aa0; font-size: 18px; margin: 30px 0 15px 0; font-weight: bold; clear: both; display: block; width: 100%; float: none; position: static;\">Przyczepno\u015b\u0107 na mokrej nawierzchni<\/h3>\n<p style=\"margin: 15px 0; line-height: 1.8; clear: both; display: block; width: 100%; float: none; position: static;\">Hamowanie na mokrej nawierzchni mierzy si\u0119 w metrach od momentu rozpocz\u0119cia hamowania do pe\u0142nego zatrzymania auta. Jest kluczowe dla bezpiecze\u0144stwa jazdy. Ocena A oznacza najkr\u00f3tsz\u0105 drog\u0119 hamowania. G &#8211; najd\u0142u\u017csz\u0105.<\/p>\n<h3 style=\"color: #2c5aa0; font-size: 18px; margin: 30px 0 15px 0; font-weight: bold; clear: both; display: block; width: 100%; float: none; position: static;\">Zewn\u0119trzny ha\u0142as toczenia<\/h3>\n<p style=\"margin: 15px 0; line-height: 1.8; clear: both; display: block; width: 100%; float: none; position: static;\">Ha\u0142as, kt\u00f3ry wytwarzaj\u0105 opony w trakcie jazdy. Mierzony w decybelach. Cicho\u015b\u0107 opony znacznie wp\u0142ywa na ochron\u0119 \u015brodowiska.<\/p>\n<\/div>\n<\/div>\n<\/div>\n<\/div>\n<\/div>\n<\/div>\n<div style=\"clear: both; display: block; margin: 10px 0;\">\n","protected":false},"excerpt":{"rendered":"<p>Nazwa modelu: Vredestein Quatrac Pro+<\/p>\n<p>Rozmiar: 265\/45 R21<\/p>\n<p>Indeks pr\u0119dko\u015bci: Y<\/p>\n<p>Indeks no\u015bno\u015bci: 108<\/p>\n<p>Kod producenta: 8714692810152<\/p>\n<p>Rodzaj pojazd\u00f3w: osobowy<\/p>\n<p>Sezon: ca\u0142oroczne<\/p>\n<p>Dodatkowe oznaczenia: brak<\/p>\n","protected":false},"featured_media":10006,"template":"","meta":{"_uag_custom_page_level_css":""},"product_brand":[436],"product_cat":[416,414,413,412],"product_tag":[],"class_list":{"0":"post-10005","1":"product","2":"type-product","3":"status-publish","4":"has-post-thumbnail","6":"product_brand-vredestein","7":"product_cat-caloroczne","8":"product_cat-do-samochodow-osobowych-i-suv","9":"product_cat-opony","10":"product_cat-opony-i-felgi","12":"first","13":"instock","14":"sale","15":"shipping-taxable","16":"purchasable","17":"product-type-simple"},"uagb_featured_image_src":{"full":["https:\/\/oponixo.shop\/tire\/wp-content\/uploads\/2025\/12\/allegro-image-10005.jpg",1200,1200,false],"thumbnail":["https:\/\/oponixo.shop\/tire\/wp-content\/uploads\/2025\/12\/allegro-image-10005-150x150.jpg",150,150,true],"medium":["https:\/\/oponixo.shop\/tire\/wp-content\/uploads\/2025\/12\/allegro-image-10005-300x300.jpg",300,300,true],"medium_large":["https:\/\/oponixo.shop\/tire\/wp-content\/uploads\/2025\/12\/allegro-image-10005-768x768.jpg",768,768,true],"large":["https:\/\/oponixo.shop\/tire\/wp-content\/uploads\/2025\/12\/allegro-image-10005-1024x1024.jpg",1024,1024,true],"1536x1536":["https:\/\/oponixo.shop\/tire\/wp-content\/uploads\/2025\/12\/allegro-image-10005.jpg",1200,1200,false],"2048x2048":["https:\/\/oponixo.shop\/tire\/wp-content\/uploads\/2025\/12\/allegro-image-10005.jpg",1200,1200,false],"woocommerce_thumbnail":["https:\/\/oponixo.shop\/tire\/wp-content\/uploads\/2025\/12\/allegro-image-10005-300x300.jpg",300,300,true],"woocommerce_single":["https:\/\/oponixo.shop\/tire\/wp-content\/uploads\/2025\/12\/allegro-image-10005-600x600.jpg",600,600,true],"woocommerce_gallery_thumbnail":["https:\/\/oponixo.shop\/tire\/wp-content\/uploads\/2025\/12\/allegro-image-10005-100x100.jpg",100,100,true]},"uagb_author_info":{"display_name":"admin","author_link":"https:\/\/oponixo.shop\/tire\/author\/"},"uagb_comment_info":0,"uagb_excerpt":"Nazwa modelu: Vredestein Quatrac Pro+ Rozmiar: 265\/45 R21 Indeks pr\u0119dko\u015bci: Y Indeks no\u015bno\u015bci: 108 Kod producenta: 8714692810152 Rodzaj pojazd\u00f3w: osobowy Sezon: ca\u0142oroczne Dodatkowe oznaczenia: brak","_links":{"self":[{"href":"https:\/\/oponixo.shop\/tire\/wp-json\/wp\/v2\/product\/10005","targetHints":{"allow":["GET"]}}],"collection":[{"href":"https:\/\/oponixo.shop\/tire\/wp-json\/wp\/v2\/product"}],"about":[{"href":"https:\/\/oponixo.shop\/tire\/wp-json\/wp\/v2\/types\/product"}],"wp:featuredmedia":[{"embeddable":true,"href":"https:\/\/oponixo.shop\/tire\/wp-json\/wp\/v2\/media\/10006"}],"wp:attachment":[{"href":"https:\/\/oponixo.shop\/tire\/wp-json\/wp\/v2\/media?parent=10005"}],"wp:term":[{"taxonomy":"product_brand","embeddable":true,"href":"https:\/\/oponixo.shop\/tire\/wp-json\/wp\/v2\/product_brand?post=10005"},{"taxonomy":"product_cat","embeddable":true,"href":"https:\/\/oponixo.shop\/tire\/wp-json\/wp\/v2\/product_cat?post=10005"},{"taxonomy":"product_tag","embeddable":true,"href":"https:\/\/oponixo.shop\/tire\/wp-json\/wp\/v2\/product_tag?post=10005"}],"curies":[{"name":"wp","href":"https:\/\/api.w.org\/{rel}","templated":true}]}}