{"id":10413,"date":"2025-12-31T03:30:10","date_gmt":"2025-12-31T03:30:10","guid":{"rendered":"https:\/\/oponyexpert.shop\/xef5\/produkt\/2x-aplus-255-45r18-103v-a702-xl-zimowe\/"},"modified":"2025-12-31T03:30:11","modified_gmt":"2025-12-31T03:30:11","slug":"2x-aplus-255-45r18-103v-a702-xl-zimowe","status":"publish","type":"product","link":"https:\/\/oponixo.shop\/tire\/produkt\/2x-aplus-255-45r18-103v-a702-xl-zimowe\/","title":{"rendered":"2x APLUS 255\/45R18 103V A702 XL zimowe"},"content":{"rendered":"<div style=\"font-family: Arial, sans-serif; line-height: 1.6; color: #333; padding: 20px; clear: both; display: block; width: 100%; float: none; position: static; overflow: hidden;\">\n<div style=\"clear: both; display: block; margin: 10px 0;\">\n<div style=\"clear: both; display: block; margin: 10px 0;\">\n<div style=\"clear: both; display: block; margin: 10px 0;\">\n<h1>Rok produkcji: 2023<\/h1>\n<\/div>\n<\/div>\n<\/div>\n<div style=\"clear: both; display: block; margin: 10px 0;\">\n<div style=\"clear: both; display: block; margin: 10px 0;\">\n<div style=\"clear: both; display: block; margin: 10px 0;\">\n<div  style=\"max-width:1200px;max-height:1126px\">\n<div style=\"clear: both; display: block; margin: 10px 0;\">\n<div style=\"clear: both; width: 100%; display: block; margin: 20px 0; padding: 0; float: none; position: static; text-align: center;\"><img decoding=\"async\"  src=\"https:\/\/a.allegroimg.com\/original\/1156ba\/80e36fcd47a58ad288924c4bbff4\/2x-APLUS-255-45R18-103V-A702-XL-zimowe\" srcset=\"https:\/\/a.allegroimg.com\/original\/1156ba\/80e36fcd47a58ad288924c4bbff4\/2x-APLUS-255-45R18-103V-A702-XL-zimowe 360w,https:\/\/a.allegroimg.com\/original\/1156ba\/80e36fcd47a58ad288924c4bbff4\/2x-APLUS-255-45R18-103V-A702-XL-zimowe 720w,https:\/\/a.allegroimg.com\/original\/1156ba\/80e36fcd47a58ad288924c4bbff4\/2x-APLUS-255-45R18-103V-A702-XL-zimowe 1024w,https:\/\/a.allegroimg.com\/original\/1156ba\/80e36fcd47a58ad288924c4bbff4\/2x-APLUS-255-45R18-103V-A702-XL-zimowe 1200w,https:\/\/a.allegroimg.com\/original\/1156ba\/80e36fcd47a58ad288924c4bbff4\/2x-APLUS-255-45R18-103V-A702-XL-zimowe 1200w\" sizes=\"(min-width: 1200px) 560px, (min-width: 992px) 50vw, 100vw\" width=\"1200px\" alt=\"2x APLUS 255\/45R18 103V A702 XL zimowe\"\/ style=\"max-width: 100%; height: auto; display: block; margin: 0 auto;\"><\/div>\n<\/div>\n<\/div>\n<\/div>\n<\/div>\n<div style=\"clear: both; display: block; margin: 10px 0;\">\n<div style=\"clear: both; display: block; margin: 10px 0;\">\n<h1>APLUS A702 255\/45R18 103V XL<\/h1>\n<h2>G0T2MA<\/h2>\n<ul style=\"margin: 15px 0; padding-left: 20px; clear: both; display: block; width: 100%; float: none; position: static;\">\n<li style=\"margin: 5px 0; padding: 2px 0; clear: both; display: list-item; float: none; position: static;\"><b>Data produkcji :<\/b> 2023<\/li>\n<li style=\"margin: 5px 0; padding: 2px 0; clear: both; display: list-item; float: none; position: static;\"><b>Hamowanie na mokrej nawierzchni :<\/b> B<\/li>\n<li style=\"margin: 5px 0; padding: 2px 0; clear: both; display: list-item; float: none; position: static;\"><b>Indeks :<\/b> 255\/45R18 ZOAS 103V A702<\/li>\n<li style=\"margin: 5px 0; padding: 2px 0; clear: both; display: list-item; float: none; position: static;\"><b>Indeks no\u015bno\u015bci :<\/b> 103<\/li>\n<li style=\"margin: 5px 0; padding: 2px 0; clear: both; display: list-item; float: none; position: static;\"><b>Indeks pr\u0119dko\u015bci :<\/b> V &#8211; 240 km\/h<\/li>\n<li style=\"margin: 5px 0; padding: 2px 0; clear: both; display: list-item; float: none; position: static;\"><b>Karta informacyjna produktu :<\/b> https:\/\/eprel.ec.europa.eu\/qr\/725396<\/li>\n<li style=\"margin: 5px 0; padding: 2px 0; clear: both; display: list-item; float: none; position: static;\"><b>Kl. przycz. na mokrej naw. :<\/b> B<\/li>\n<li style=\"margin: 5px 0; padding: 2px 0; clear: both; display: list-item; float: none; position: static;\"><b>Kl. zew. ha\u0142asu tocz. :<\/b> B<\/li>\n<li style=\"margin: 5px 0; padding: 2px 0; clear: both; display: list-item; float: none; position: static;\"><b>Klasa opony :<\/b> bud\u017cet<\/li>\n<li style=\"margin: 5px 0; padding: 2px 0; clear: both; display: list-item; float: none; position: static;\"><b>Kod EAN :<\/b> 6924064125469<\/li>\n<li style=\"margin: 5px 0; padding: 2px 0; clear: both; display: list-item; float: none; position: static;\"><b>Kod producenta :<\/b> 2AP2191H1<\/li>\n<li style=\"margin: 5px 0; padding: 2px 0; clear: both; display: list-item; float: none; position: static;\"><b>Liczba decybeli :<\/b> 73 dB<\/li>\n<li style=\"margin: 5px 0; padding: 2px 0; clear: both; display: list-item; float: none; position: static;\"><b>Model bie\u017cnika :<\/b> A702<\/li>\n<li style=\"margin: 5px 0; padding: 2px 0; clear: both; display: list-item; float: none; position: static;\"><b>Nazwa produktu :<\/b> APLUS 255\/45R18 103V A702 XL zimowe<\/li>\n<li style=\"margin: 5px 0; padding: 2px 0; clear: both; display: list-item; float: none; position: static;\"><b>No\u015bno\u015b\u0107 opony :<\/b> XL<\/li>\n<li style=\"margin: 5px 0; padding: 2px 0; clear: both; display: list-item; float: none; position: static;\"><b>opona na dedykowan\u0105 o\u015b :<\/b> Prz\u00f3d\/Ty\u0142<\/li>\n<li style=\"margin: 5px 0; padding: 2px 0; clear: both; display: list-item; float: none; position: static;\"><b>Op\u00f3r toczenia :<\/b> C<\/li>\n<li style=\"margin: 5px 0; padding: 2px 0; clear: both; display: list-item; float: none; position: static;\"><b>Poziom emisji ha\u0142asu :<\/b> B<\/li>\n<li style=\"margin: 5px 0; padding: 2px 0; clear: both; display: list-item; float: none; position: static;\"><b>Producent :<\/b> APLUS<\/li>\n<li style=\"margin: 5px 0; padding: 2px 0; clear: both; display: list-item; float: none; position: static;\"><b>Profil :<\/b> 45<\/li>\n<li style=\"margin: 5px 0; padding: 2px 0; clear: both; display: list-item; float: none; position: static;\"><b>Przeznaczenie :<\/b> samochody osobowe\/SUV\/crossover<\/li>\n<li style=\"margin: 5px 0; padding: 2px 0; clear: both; display: list-item; float: none; position: static;\"><b>Przyczepno\u015b\u0107 na lodzie :<\/b> Nie<\/li>\n<li style=\"margin: 5px 0; padding: 2px 0; clear: both; display: list-item; float: none; position: static;\"><b>Przyczepno\u015b\u0107 na \u015bniegu :<\/b> Tak<\/li>\n<li style=\"margin: 5px 0; padding: 2px 0; clear: both; display: list-item; float: none; position: static;\"><b>QR kod :<\/b> https:\/\/eprel.ec.europa.eu\/qr\/725396<\/li>\n<li style=\"margin: 5px 0; padding: 2px 0; clear: both; display: list-item; float: none; position: static;\"><b>Sezon :<\/b> zimowa<\/li>\n<li style=\"margin: 5px 0; padding: 2px 0; clear: both; display: list-item; float: none; position: static;\"><b>\u015arednica :<\/b> 18&#8243;<\/li>\n<li style=\"margin: 5px 0; padding: 2px 0; clear: both; display: list-item; float: none; position: static;\"><b>Szeroko\u015b\u0107 :<\/b> 255<\/li>\n<li style=\"margin: 5px 0; padding: 2px 0; clear: both; display: list-item; float: none; position: static;\"><b>Wart. pom. i kl. zew. ha\u0142asu tocz. [dB] :<\/b> 73<\/li>\n<\/ul>\n<\/div>\n<\/div>\n<\/div>\n<div style=\"clear: both; display: block; margin: 10px 0;\">\n<div style=\"clear: both; display: block; margin: 10px 0;\">\n<div style=\"clear: both; display: block; margin: 10px 0;\">\n<p style=\"margin: 15px 0; line-height: 1.8; clear: both; display: block; width: 100%; float: none; position: static;\"> APLUS A702 to zimowa opona klasy ekonomicznej, zaprojektowana z my\u015bl\u0105 o najwy\u017cszych osi\u0105gach i spe\u0142nieniu wymaga\u0144, stawianych przez sportowe samochody i auta o podwy\u017cszonych mocach silnika. Tego typu pojazdy wymagaj\u0105 specjalnego ogumienia, kt\u00f3re b\u0119dzie w stanie odda\u0107 ich wysok\u0105 wydajno\u015b\u0107 jazdy i zapewni\u0107 im pe\u0142ne bezpiecze\u0144stwo. <\/p>\n<p style=\"margin: 15px 0; line-height: 1.8; clear: both; display: block; width: 100%; float: none; position: static;\"> Asymetryczna rze\u017aba bie\u017cnika, znana g\u0142\u00f3wnie z opon letnich marek premium, tym razem zosta\u0142a wykorzystana jako zimowe rozwi\u0105zanie. Zaostrzone bloki bie\u017cnika w strefie centralnej jeszcze lepiej oddzia\u0142ywaj\u0105 z o\u015bnie\u017conymi i \u015bliskimi nawierzchniami. G\u0119sta sie\u0107 lamelek, pokrywaj\u0105ca ca\u0142\u0105 powierzchni\u0119 opony, zwi\u0119ksza przyczepno\u015b\u0107 na suchych, mokrych i za\u015bnie\u017conych drogach. <\/p>\n<p style=\"margin: 15px 0; line-height: 1.8; clear: both; display: block; width: 100%; float: none; position: static;\"> Mieszanka gumy bie\u017cnika wzbogacona o krzemionk\u0119 dba o w\u0142a\u015bciw\u0105 elastyczno\u015b\u0107 opony bez wzgl\u0119du na panuj\u0105c\u0105 temperatur\u0119, aby utrzymywa\u0107 bezpieczn\u0105 przyczepno\u015b\u0107 oraz dostarcza\u0107 optymaln\u0105 sterowno\u015b\u0107 mocniejszym samochodom w zimowym krajobrazie. <\/p>\n<p style=\"margin: 15px 0; line-height: 1.8; clear: both; display: block; width: 100%; float: none; position: static;\"> Szerokie przestrzenie mi\u0119dzybie\u017c\u0144ikowe sprzyjaj\u0105 skutecznemu drena\u017cowi bie\u017cnika, aby przy nadmiarze wody i b\u0142ota po\u015bniegowego na drodze zapewnia\u0107 bezpieczn\u0105 przyczepno\u015b\u0107, skraca\u0107 drog\u0119 hamowania i wspiera\u0107 ruszanie, bez ryzyka po\u015blizg\u00f3w hydrodynamicznych. <\/p>\n<p style=\"margin: 15px 0; line-height: 1.8; clear: both; display: block; width: 100%; float: none; position: static;\"> APLUS A702 to ciekawa propozycja dla kierowc\u00f3w oczekuj\u0105cych najwy\u017cszej wydajno\u015bci, kt\u00f3rzy chc\u0105 cieszy\u0107 si\u0119 wysokimi osi\u0105gami swoich aut, pozostaj\u0105c jednak w korzystnym przedziale cenowym zimowego ogumienia. <\/p>\n<\/div>\n<\/div>\n<div style=\"clear: both; display: block; margin: 10px 0;\">\n<div style=\"clear: both; display: block; margin: 10px 0;\">\n<div  style=\"max-width:886px;max-height:1299px\">\n<div style=\"clear: both; display: block; margin: 10px 0;\">\n<div style=\"clear: both; width: 100%; display: block; margin: 20px 0; padding: 0; float: none; position: static; text-align: center;\"><img decoding=\"async\"  src=\"https:\/\/a.allegroimg.com\/original\/118fc0\/8bcd8deb4cdab799362dd3c9af14\/2x-APLUS-255-45R18-103V-A702-XL-zimowe-Srednica-18\" srcset=\"https:\/\/a.allegroimg.com\/original\/118fc0\/8bcd8deb4cdab799362dd3c9af14\/2x-APLUS-255-45R18-103V-A702-XL-zimowe-Srednica-18 245w,https:\/\/a.allegroimg.com\/original\/118fc0\/8bcd8deb4cdab799362dd3c9af14\/2x-APLUS-255-45R18-103V-A702-XL-zimowe-Srednica-18 491w,https:\/\/a.allegroimg.com\/original\/118fc0\/8bcd8deb4cdab799362dd3c9af14\/2x-APLUS-255-45R18-103V-A702-XL-zimowe-Srednica-18 698w,https:\/\/a.allegroimg.com\/original\/118fc0\/8bcd8deb4cdab799362dd3c9af14\/2x-APLUS-255-45R18-103V-A702-XL-zimowe-Srednica-18 886w,https:\/\/a.allegroimg.com\/original\/118fc0\/8bcd8deb4cdab799362dd3c9af14\/2x-APLUS-255-45R18-103V-A702-XL-zimowe-Srednica-18 886w\" sizes=\"(min-width: 1200px) 560px, (min-width: 992px) 50vw, 100vw\" width=\"886px\" alt=\"2x APLUS 255\/45R18 103V A702 XL zimowe \u015arednica 18&quot;\"\/ style=\"max-width: 100%; height: auto; display: block; margin: 0 auto;\"><\/div>\n<\/div>\n<\/div>\n<\/div>\n<\/div>\n<\/div>\n<div style=\"clear: both; display: block; margin: 10px 0;\">\n<div style=\"clear: both; display: block; margin: 10px 0;\">\n<div style=\"clear: both; display: block; margin: 10px 0;\">\n<p style=\"margin: 15px 0; line-height: 1.8; clear: both; display: block; width: 100%; float: none; position: static;\">Wychodz\u0105c naprzeciw oczekiwaniom Klient\u00f3w i chc\u0105c spe\u0142nia\u0107 jak najwy\u017csze standardy obs\u0142ugi dok\u0142adamy wszelkich stara\u0144, aby podawa\u0107 precyzyjn\u0105 dat\u0119 produkcji opony (DOT). Niestety, w wyj\u0105tkowych przypadkach, mo\u017ce zdarzy\u0107 si\u0119, \u017ce opony, kt\u00f3re wy\u015blemy b\u0119d\u0105 mia\u0142y inn\u0105 dat\u0119 produkcji ni\u017c podana. Sytuacja mo\u017ce dotyczy\u0107 zar\u00f3wno opon z DOT-em wcze\u015bniejszym jak i p\u00f3\u017aniejszym. Chcieliby\u015bmy podkre\u015bli\u0107, \u017ce warunki przechowywania opon w naszych magazynach spe\u0142niaj\u0105 Polsk\u0105 Norm\u0119 PN-C-94300-7 dzi\u0119ki czemu nawet opona przechowywana 24 miesi\u0105ce ma parametry takie same jak opona z bie\u017c\u0105cego roku. Warto pami\u0119ta\u0107 tak\u017ce o fakcie, \u017ce w przypadku wielu rozmiar\u00f3w i producent\u00f3w plany produkcyjne fabryk uniemo\u017cliwiaj\u0105 zakup opony z bie\u017c\u0105cego roku.<\/p>\n<p style=\"margin: 15px 0; line-height: 1.8; clear: both; display: block; width: 100%; float: none; position: static;\">Przy zakupie opon pami\u0119taj o sprawdzeniu w instrukcji samochodu lub na w\u0142a\u015bciwej stronie internetowej, jakie ogumienie zaleca producent Twojego auta. \u0179le dobrane opony mog\u0105 negatywnie wp\u0142yn\u0105\u0107 na poziom Twojego bezpiecze\u0144stwa. Kupuj\u0105c opony zwr\u00f3\u0107 uwag\u0119 na rozmiar oraz indeksy no\u015bno\u015bci i pr\u0119dko\u015bci jakie homologowane s\u0105 do Twojego pojazdu.<\/p>\n<p style=\"margin: 15px 0; line-height: 1.8; clear: both; display: block; width: 100%; float: none; position: static;\">Zamieszczone zdj\u0119cia pe\u0142ni\u0105 funkcj\u0119 pogl\u0105dow\u0105. W zale\u017cno\u015bci od szeroko\u015bci opon, mog\u0105 wyst\u0119powa\u0107 niewielkie r\u00f3\u017cnice w wygl\u0105dzie bie\u017cnika (w obr\u0119bie jednego modelu) na przyk\u0142ad w ilo\u015bci rowk\u00f3w obwodowych lub rozmieszczeniu blok\u00f3w bie\u017cnika, co nie stanowi wady produktu.<\/p>\n<p style=\"margin: 15px 0; line-height: 1.8; clear: both; display: block; width: 100%; float: none; position: static;\">Je\u017celi otrzymane przez Ciebie opony nie spe\u0142niaj\u0105 Twoich oczekiwa\u0144 masz mo\u017cliwo\u015b\u0107 zwrotu lub wymiany nieu\u017cywanego (niemontowanego) ogumienia.<\/p>\n<\/div>\n<\/div>\n<\/div>\n<div style=\"clear: both; display: block; margin: 10px 0;\">\n<div style=\"clear: both; display: block; margin: 10px 0;\">\n<div style=\"clear: both; display: block; margin: 10px 0;\">\n<div  style=\"max-width:689px;max-height:145px\">\n<div style=\"clear: both; display: block; margin: 10px 0;\">\n<div style=\"clear: both; width: 100%; display: block; margin: 20px 0; padding: 0; float: none; position: static; text-align: center;\"><img decoding=\"async\"  src=\"https:\/\/a.allegroimg.com\/original\/1193d8\/fdd37933433a84d0d2df3c9e27c8\/2x-APLUS-255-45R18-103V-A702-XL-zimowe-Halas-zewnetrzny-73-dB\" srcset=\"https:\/\/a.allegroimg.com\/original\/1193d8\/fdd37933433a84d0d2df3c9e27c8\/2x-APLUS-255-45R18-103V-A702-XL-zimowe-Halas-zewnetrzny-73-dB 360w,https:\/\/a.allegroimg.com\/original\/1193d8\/fdd37933433a84d0d2df3c9e27c8\/2x-APLUS-255-45R18-103V-A702-XL-zimowe-Halas-zewnetrzny-73-dB 689w,https:\/\/a.allegroimg.com\/original\/1193d8\/fdd37933433a84d0d2df3c9e27c8\/2x-APLUS-255-45R18-103V-A702-XL-zimowe-Halas-zewnetrzny-73-dB 689w\" sizes=\"(min-width: 1200px) 560px, (min-width: 992px) 50vw, 100vw\" width=\"689px\" alt=\"2x APLUS 255\/45R18 103V A702 XL zimowe Ha\u0142as zewn\u0119trzny 73 dB\"\/ style=\"max-width: 100%; height: auto; display: block; margin: 0 auto;\"><\/div>\n<\/div>\n<\/div>\n<\/div>\n<\/div>\n<div style=\"clear: both; display: block; margin: 10px 0;\">\n<div style=\"clear: both; display: block; margin: 10px 0;\">\n<h1>Aplus<\/h1>\n<p style=\"margin: 15px 0; line-height: 1.8; clear: both; display: block; width: 100%; float: none; position: static;\">Marka Aplus nale\u017cy do chi\u0144skiej firmy Shandong Haohua Tire Co., kt\u00f3ra powsta\u0142a w 2011 r. dysponuj\u0105c ogromnymi mo\u017cliwo\u015bciami badawczo-rozwojowymi w zakresie produkcji opon. Dzi\u0119ki wykorzystaniu innowacyjnych technologii przedsi\u0119biorstwo na pocz\u0105tku swojej dzia\u0142alno\u015bci wyprodukowa\u0142o w ci\u0105gu roku 12 milion\u00f3w opon. Firma uzyska\u0142a mi\u0119dzynarodowe certyfikaty jako\u015bciowe potwierdzaj\u0105ce przystosowanie opon do europejskich warunk\u00f3w. Oferta Aplus obejmuje nie tylko opony dla samochod\u00f3w osobowych, ale tak\u017ce dla pojazd\u00f3w dostawczych i ci\u0119\u017carowych oraz pojazd\u00f3w typu SUV. Opony Aplus wyr\u00f3\u017cniaj\u0105 si\u0119 przede wszystkim wysok\u0105 wydajno\u015bci\u0105 i nisk\u0105 emisyjno\u015bci\u0105. Dewiz\u0105 producenta jest produkcja opon przy zachowaniu jak najlepszych wska\u017anik\u00f3w ekologicznych i ekonomicznych. Opr\u00f3cz tego opony zapewniaj\u0105 bezpieczniejsz\u0105 i bardziej komfortow\u0105 jazd\u0119. Opony Aplus to doskona\u0142a alternatywa dla innych znanych marek opon z p\u00f3\u0142ki ekonomicznej.<\/p>\n<\/div>\n<\/div>\n<\/div>\n<\/div>\n<\/div>\n<\/div>\n<div style=\"clear: both; display: block; margin: 10px 0;\">\n","protected":false},"excerpt":{"rendered":"<p>Rok produkcji: 2023<\/p>\n<p>APLUS A702 255\/45R18 103V XL<\/p>\n<p>G0T2MA<\/p>\n<p>Data produkcji : 2023<\/p>\n<p>Hamowanie na mokrej nawierzchni : B<\/p>\n<p>Indeks : 255\/45R18 ZOAS 103V A702<\/p>\n<p>Indeks no\u015bno\u015bci : 103<\/p>\n<p>Indeks pr\u0119dko\u015bci : V &#8211; 240 km\/h<\/p>\n","protected":false},"featured_media":10414,"template":"","meta":{"_uag_custom_page_level_css":""},"product_brand":[395],"product_cat":[414,413,412,415],"product_tag":[],"class_list":{"0":"post-10413","1":"product","2":"type-product","3":"status-publish","4":"has-post-thumbnail","6":"product_brand-aplus","7":"product_cat-do-samochodow-osobowych-i-suv","8":"product_cat-opony","9":"product_cat-opony-i-felgi","10":"product_cat-zimowe","12":"first","13":"instock","14":"sale","15":"shipping-taxable","16":"purchasable","17":"product-type-simple"},"uagb_featured_image_src":{"full":["https:\/\/oponixo.shop\/tire\/wp-content\/uploads\/2025\/12\/allegro-image-10413.jpg",1200,1126,false],"thumbnail":["https:\/\/oponixo.shop\/tire\/wp-content\/uploads\/2025\/12\/allegro-image-10413-150x150.jpg",150,150,true],"medium":["https:\/\/oponixo.shop\/tire\/wp-content\/uploads\/2025\/12\/allegro-image-10413-300x282.jpg",300,282,true],"medium_large":["https:\/\/oponixo.shop\/tire\/wp-content\/uploads\/2025\/12\/allegro-image-10413-768x721.jpg",768,721,true],"large":["https:\/\/oponixo.shop\/tire\/wp-content\/uploads\/2025\/12\/allegro-image-10413-1024x961.jpg",1024,961,true],"1536x1536":["https:\/\/oponixo.shop\/tire\/wp-content\/uploads\/2025\/12\/allegro-image-10413.jpg",1200,1126,false],"2048x2048":["https:\/\/oponixo.shop\/tire\/wp-content\/uploads\/2025\/12\/allegro-image-10413.jpg",1200,1126,false],"woocommerce_thumbnail":["https:\/\/oponixo.shop\/tire\/wp-content\/uploads\/2025\/12\/allegro-image-10413-300x300.jpg",300,300,true],"woocommerce_single":["https:\/\/oponixo.shop\/tire\/wp-content\/uploads\/2025\/12\/allegro-image-10413-600x563.jpg",600,563,true],"woocommerce_gallery_thumbnail":["https:\/\/oponixo.shop\/tire\/wp-content\/uploads\/2025\/12\/allegro-image-10413-100x100.jpg",100,100,true]},"uagb_author_info":{"display_name":"admin","author_link":"https:\/\/oponixo.shop\/tire\/author\/"},"uagb_comment_info":0,"uagb_excerpt":"Rok produkcji: 2023 APLUS A702 255\/45R18 103V XL G0T2MA Data produkcji : 2023 Hamowanie na mokrej nawierzchni : B Indeks : 255\/45R18 ZOAS 103V A702 Indeks no\u015bno\u015bci : 103 Indeks pr\u0119dko\u015bci : V - 240 km\/h","_links":{"self":[{"href":"https:\/\/oponixo.shop\/tire\/wp-json\/wp\/v2\/product\/10413","targetHints":{"allow":["GET"]}}],"collection":[{"href":"https:\/\/oponixo.shop\/tire\/wp-json\/wp\/v2\/product"}],"about":[{"href":"https:\/\/oponixo.shop\/tire\/wp-json\/wp\/v2\/types\/product"}],"wp:featuredmedia":[{"embeddable":true,"href":"https:\/\/oponixo.shop\/tire\/wp-json\/wp\/v2\/media\/10414"}],"wp:attachment":[{"href":"https:\/\/oponixo.shop\/tire\/wp-json\/wp\/v2\/media?parent=10413"}],"wp:term":[{"taxonomy":"product_brand","embeddable":true,"href":"https:\/\/oponixo.shop\/tire\/wp-json\/wp\/v2\/product_brand?post=10413"},{"taxonomy":"product_cat","embeddable":true,"href":"https:\/\/oponixo.shop\/tire\/wp-json\/wp\/v2\/product_cat?post=10413"},{"taxonomy":"product_tag","embeddable":true,"href":"https:\/\/oponixo.shop\/tire\/wp-json\/wp\/v2\/product_tag?post=10413"}],"curies":[{"name":"wp","href":"https:\/\/api.w.org\/{rel}","templated":true}]}}