{"id":11376,"date":"2026-01-01T21:54:27","date_gmt":"2026-01-01T20:54:27","guid":{"rendered":"https:\/\/oponyexpert.shop\/xef5\/produkt\/2-x-falken-euroall-season-as220-pro-245-45r20-103-w-xl-fr-3pmsf-opona\/"},"modified":"2026-01-01T21:54:27","modified_gmt":"2026-01-01T20:54:27","slug":"2-x-falken-euroall-season-as220-pro-245-45r20-103-w-xl-fr-3pmsf-opona","status":"publish","type":"product","link":"https:\/\/oponixo.shop\/tire\/produkt\/2-x-falken-euroall-season-as220-pro-245-45r20-103-w-xl-fr-3pmsf-opona\/","title":{"rendered":"2 x Falken EuroAll Season AS220 PRO 245\/45R20 103 W XL FR 3PMSF opona"},"content":{"rendered":"<div style=\"font-family: Arial, sans-serif; line-height: 1.6; color: #333; padding: 20px; clear: both; display: block; width: 100%; float: none; position: static; overflow: hidden;\">\n<div style=\"clear: both; display: block; margin: 10px 0;\">\n<div style=\"clear: both; display: block; margin: 10px 0;\">\n<div style=\"clear: both; display: block; margin: 10px 0;\">\n<div  style=\"max-width:382px;max-height:500px\">\n<div style=\"clear: both; display: block; margin: 10px 0;\">\n<div style=\"clear: both; width: 100%; display: block; margin: 20px 0; padding: 0; float: none; position: static; text-align: center;\"><img decoding=\"async\"  src=\"https:\/\/a.allegroimg.com\/original\/11dfc3\/2cc63c604a75be046daaec64e895\/2-x-Falken-EuroAll-Season-AS220-PRO-245-45R20-103-W-XL-FR-3PMSF-opona\" srcset=\"https:\/\/a.allegroimg.com\/original\/11dfc3\/2cc63c604a75be046daaec64e895\/2-x-Falken-EuroAll-Season-AS220-PRO-245-45R20-103-W-XL-FR-3PMSF-opona 275w,https:\/\/a.allegroimg.com\/original\/11dfc3\/2cc63c604a75be046daaec64e895\/2-x-Falken-EuroAll-Season-AS220-PRO-245-45R20-103-W-XL-FR-3PMSF-opona 382w,https:\/\/a.allegroimg.com\/original\/11dfc3\/2cc63c604a75be046daaec64e895\/2-x-Falken-EuroAll-Season-AS220-PRO-245-45R20-103-W-XL-FR-3PMSF-opona 382w\" sizes=\"(min-width: 1200px) 560px, (min-width: 992px) 50vw, 100vw\" width=\"382px\" alt=\"2 x Falken EuroAll Season AS220 PRO 245\/45R20 103 W XL FR 3PMSF opona\"\/ style=\"max-width: 100%; height: auto; display: block; margin: 0 auto;\"><\/div>\n<\/div>\n<\/div>\n<\/div>\n<\/div>\n<div style=\"clear: both; display: block; margin: 10px 0;\">\n<div style=\"clear: both; display: block; margin: 10px 0;\">\n<h2>Falken EuroAll Season AS220 PRO 245\/45R20 103 W XL FR 3PMSF<\/h2>\n<p style=\"margin: 15px 0; line-height: 1.8; clear: both; display: block; width: 100%; float: none; position: static;\">Producent: Falken<\/p>\n<p style=\"margin: 15px 0; line-height: 1.8; clear: both; display: block; width: 100%; float: none; position: static;\">Model: EuroAll Season AS220 PRO<\/p>\n<p style=\"margin: 15px 0; line-height: 1.8; clear: both; display: block; width: 100%; float: none; position: static;\">Sezon: ca\u0142oroczne<\/p>\n<p style=\"margin: 15px 0; line-height: 1.8; clear: both; display: block; width: 100%; float: none; position: static;\">Rozmiar: 245\/45R20<\/p>\n<p style=\"margin: 15px 0; line-height: 1.8; clear: both; display: block; width: 100%; float: none; position: static;\">Data produkcji: do 36 miesi\u0119cy<\/p>\n<p style=\"margin: 15px 0; line-height: 1.8; clear: both; display: block; width: 100%; float: none; position: static;\">Zu\u017cycie paliwa: klasa C<\/p>\n<p style=\"margin: 15px 0; line-height: 1.8; clear: both; display: block; width: 100%; float: none; position: static;\">Przyczepno\u015b\u0107 na mokrym: klasa B<\/p>\n<p style=\"margin: 15px 0; line-height: 1.8; clear: both; display: block; width: 100%; float: none; position: static;\">Poziom ha\u0142asu: 71 dB<\/p>\n<\/div>\n<\/div>\n<\/div>\n<div style=\"clear: both; display: block; margin: 10px 0;\">\n<div style=\"clear: both; display: block; margin: 10px 0;\">\n<div style=\"clear: both; display: block; margin: 10px 0;\">\n<div  style=\"max-width:760px;max-height:582px\">\n<div style=\"clear: both; display: block; margin: 10px 0;\">\n<div style=\"clear: both; width: 100%; display: block; margin: 20px 0; padding: 0; float: none; position: static; text-align: center;\"><img decoding=\"async\"  src=\"https:\/\/a.allegroimg.com\/original\/11da24\/393f0afe4cbea85e20a06388ee8b\/2-x-Falken-EuroAll-Season-AS220-PRO-245-45R20-103-W-XL-FR-3PMSF-opona-Liczba-opon-w-ofercie-2-szt\" srcset=\"https:\/\/a.allegroimg.com\/original\/11da24\/393f0afe4cbea85e20a06388ee8b\/2-x-Falken-EuroAll-Season-AS220-PRO-245-45R20-103-W-XL-FR-3PMSF-opona-Liczba-opon-w-ofercie-2-szt 360w,https:\/\/a.allegroimg.com\/original\/11da24\/393f0afe4cbea85e20a06388ee8b\/2-x-Falken-EuroAll-Season-AS220-PRO-245-45R20-103-W-XL-FR-3PMSF-opona-Liczba-opon-w-ofercie-2-szt 720w,https:\/\/a.allegroimg.com\/original\/11da24\/393f0afe4cbea85e20a06388ee8b\/2-x-Falken-EuroAll-Season-AS220-PRO-245-45R20-103-W-XL-FR-3PMSF-opona-Liczba-opon-w-ofercie-2-szt 760w,https:\/\/a.allegroimg.com\/original\/11da24\/393f0afe4cbea85e20a06388ee8b\/2-x-Falken-EuroAll-Season-AS220-PRO-245-45R20-103-W-XL-FR-3PMSF-opona-Liczba-opon-w-ofercie-2-szt 760w\" sizes=\"(min-width: 1200px) 560px, (min-width: 992px) 50vw, 100vw\" width=\"760px\" alt=\"2 x Falken EuroAll Season AS220 PRO 245\/45R20 103 W XL FR 3PMSF opona Liczba opon w ofercie 2 szt.\"\/ style=\"max-width: 100%; height: auto; display: block; margin: 0 auto;\"><\/div>\n<\/div>\n<\/div>\n<\/div>\n<\/div>\n<div style=\"clear: both; display: block; margin: 10px 0;\">\n<div style=\"clear: both; display: block; margin: 10px 0;\">\n<h1>Falken EuroAll Season AS220 PRO \u2013 nowoczesna ca\u0142oroczna opona UHP<\/h1>\n<p style=\"margin: 15px 0; line-height: 1.8; clear: both; display: block; width: 100%; float: none; position: static;\">Falken EuroAll Season AS220 PRO to nowa propozycja w segmencie ca\u0142orocznych opon UHP (Ultra High Performance), stworzona z my\u015bl\u0105 o kierowcach dynamicznych samochod\u00f3w osobowych i SUV-\u00f3w. Model ten jest odpowiedzi\u0105 na rosn\u0105ce wymagania w\u0142a\u015bcicieli aut klasy wy\u017cszej, kt\u00f3rzy chc\u0105 korzysta\u0107 z jednego kompletu opon przez ca\u0142y rok \u2014 bez kompromis\u00f3w w zakresie przyczepno\u015bci i prowadzenia. W por\u00f3wnaniu do swojego poprzednika (AS210), AS220 PRO zosta\u0142a znacz\u0105co unowocze\u015bniona i dopracowana zar\u00f3wno pod wzgl\u0119dem konstrukcji, jak i mieszanki.<\/p>\n<\/div>\n<\/div>\n<\/div>\n<div style=\"clear: both; display: block; margin: 10px 0;\">\n<div style=\"clear: both; display: block; margin: 10px 0;\">\n<div style=\"clear: both; display: block; margin: 10px 0;\">\n<div  style=\"max-width:760px;max-height:624px\">\n<div style=\"clear: both; display: block; margin: 10px 0;\">\n<div style=\"clear: both; width: 100%; display: block; margin: 20px 0; padding: 0; float: none; position: static; text-align: center;\"><img decoding=\"async\"  src=\"https:\/\/a.allegroimg.com\/original\/11d14a\/f87d42194a90a3c430d9af2c1e96\/2-x-Falken-EuroAll-Season-AS220-PRO-245-45R20-103-W-XL-FR-3PMSF-opona-Marka-Falken\" srcset=\"https:\/\/a.allegroimg.com\/original\/11d14a\/f87d42194a90a3c430d9af2c1e96\/2-x-Falken-EuroAll-Season-AS220-PRO-245-45R20-103-W-XL-FR-3PMSF-opona-Marka-Falken 360w,https:\/\/a.allegroimg.com\/original\/11d14a\/f87d42194a90a3c430d9af2c1e96\/2-x-Falken-EuroAll-Season-AS220-PRO-245-45R20-103-W-XL-FR-3PMSF-opona-Marka-Falken 720w,https:\/\/a.allegroimg.com\/original\/11d14a\/f87d42194a90a3c430d9af2c1e96\/2-x-Falken-EuroAll-Season-AS220-PRO-245-45R20-103-W-XL-FR-3PMSF-opona-Marka-Falken 760w,https:\/\/a.allegroimg.com\/original\/11d14a\/f87d42194a90a3c430d9af2c1e96\/2-x-Falken-EuroAll-Season-AS220-PRO-245-45R20-103-W-XL-FR-3PMSF-opona-Marka-Falken 760w\" sizes=\"(min-width: 1200px) 560px, (min-width: 992px) 50vw, 100vw\" width=\"760px\" alt=\"2 x Falken EuroAll Season AS220 PRO 245\/45R20 103 W XL FR 3PMSF opona Marka Falken\"\/ style=\"max-width: 100%; height: auto; display: block; margin: 0 auto;\"><\/div>\n<\/div>\n<\/div>\n<\/div>\n<\/div>\n<div style=\"clear: both; display: block; margin: 10px 0;\">\n<div style=\"clear: both; display: block; margin: 10px 0;\">\n<h1>Sportowa precyzja przez ca\u0142y rok<\/h1>\n<p style=\"margin: 15px 0; line-height: 1.8; clear: both; display: block; width: 100%; float: none; position: static;\">Najwa\u017cniejsz\u0105 zmian\u0105 jest zastosowanie asymetrycznego bie\u017cnika, kt\u00f3ry zast\u0105pi\u0142 kierunkowy wz\u00f3r z poprzedniej wersji. Taka konstrukcja zapewnia lepsze prowadzenie na suchym, wi\u0119ksz\u0105 stabilno\u015b\u0107 w zakr\u0119tach i wy\u017csz\u0105 precyzj\u0119 podczas jazdy z du\u017c\u0105 pr\u0119dko\u015bci\u0105. Stabilny bark zewn\u0119trzny i szerokie rowki obwodowe skutecznie odprowadzaj\u0105 wod\u0119, dzi\u0119ki czemu opona zachowuje wysok\u0105 przyczepno\u015b\u0107 r\u00f3wnie\u017c na mokrej nawierzchni. AS220 PRO posiada tak\u017ce oznaczenie 3PMSF, co oznacza, \u017ce spe\u0142nia europejskie normy zimowe i mo\u017ce by\u0107 legalnie u\u017cywana w sezonie zimowym, nawet w regionach g\u00f3rskich.<\/p>\n<\/div>\n<\/div>\n<\/div>\n<div style=\"clear: both; display: block; margin: 10px 0;\">\n<div style=\"clear: both; display: block; margin: 10px 0;\">\n<div style=\"clear: both; display: block; margin: 10px 0;\">\n<div  style=\"max-width:760px;max-height:580px\">\n<div style=\"clear: both; display: block; margin: 10px 0;\">\n<div style=\"clear: both; width: 100%; display: block; margin: 20px 0; padding: 0; float: none; position: static; text-align: center;\"><img decoding=\"async\"  src=\"https:\/\/a.allegroimg.com\/original\/11a63d\/57a874a844a0b97afdea6a327494\/2-x-Falken-EuroAll-Season-AS220-PRO-245-45R20-103-W-XL-FR-3PMSF-opona-Szerokosc-opony-245-mm\" srcset=\"https:\/\/a.allegroimg.com\/original\/11a63d\/57a874a844a0b97afdea6a327494\/2-x-Falken-EuroAll-Season-AS220-PRO-245-45R20-103-W-XL-FR-3PMSF-opona-Szerokosc-opony-245-mm 360w,https:\/\/a.allegroimg.com\/original\/11a63d\/57a874a844a0b97afdea6a327494\/2-x-Falken-EuroAll-Season-AS220-PRO-245-45R20-103-W-XL-FR-3PMSF-opona-Szerokosc-opony-245-mm 720w,https:\/\/a.allegroimg.com\/original\/11a63d\/57a874a844a0b97afdea6a327494\/2-x-Falken-EuroAll-Season-AS220-PRO-245-45R20-103-W-XL-FR-3PMSF-opona-Szerokosc-opony-245-mm 760w,https:\/\/a.allegroimg.com\/original\/11a63d\/57a874a844a0b97afdea6a327494\/2-x-Falken-EuroAll-Season-AS220-PRO-245-45R20-103-W-XL-FR-3PMSF-opona-Szerokosc-opony-245-mm 760w\" sizes=\"(min-width: 1200px) 560px, (min-width: 992px) 50vw, 100vw\" width=\"760px\" alt=\"2 x Falken EuroAll Season AS220 PRO 245\/45R20 103 W XL FR 3PMSF opona Szeroko\u015b\u0107 opony 245 mm\"\/ style=\"max-width: 100%; height: auto; display: block; margin: 0 auto;\"><\/div>\n<\/div>\n<\/div>\n<\/div>\n<\/div>\n<div style=\"clear: both; display: block; margin: 10px 0;\">\n<div style=\"clear: both; display: block; margin: 10px 0;\">\n<h1>Technologia klasy premium w \u015bredniej cenie<\/h1>\n<p style=\"margin: 15px 0; line-height: 1.8; clear: both; display: block; width: 100%; float: none; position: static;\">Zastosowana w tej oponie nowa mieszanka polimerowa opracowana w technologii Advanced 4D-Nano Design gwarantuje bardzo dobr\u0105 elastyczno\u015b\u0107 w niskich temperaturach, a jednocze\u015bnie odpowiedni\u0105 sztywno\u015b\u0107 latem. Efektem jest nie tylko zwi\u0119kszona przyczepno\u015b\u0107 i kr\u00f3tsza droga hamowania, ale te\u017c poprawiona odporno\u015b\u0107 na zu\u017cycie oraz zoptymalizowane opory toczenia \u2014 co przek\u0142ada si\u0119 na ni\u017csze zu\u017cycie paliwa. Nowoczesny, aerodynamiczny profil \u015bcian bocznych z nowym napisem Nano-Black nadaje oponie elegancki i dynamiczny wygl\u0105d, podkre\u015blaj\u0105c jej wsp\u00f3\u0142czesny charakter.<\/p>\n<\/div>\n<\/div>\n<\/div>\n<div style=\"clear: both; display: block; margin: 10px 0;\">\n<div style=\"clear: both; display: block; margin: 10px 0;\">\n<div style=\"clear: both; display: block; margin: 10px 0;\">\n<div  style=\"max-width:760px;max-height:624px\">\n<div style=\"clear: both; display: block; margin: 10px 0;\">\n<div style=\"clear: both; width: 100%; display: block; margin: 20px 0; padding: 0; float: none; position: static; text-align: center;\"><img decoding=\"async\"  src=\"https:\/\/a.allegroimg.com\/original\/11e178\/c86471cb4fce98091af40e843df4\/2-x-Falken-EuroAll-Season-AS220-PRO-245-45R20-103-W-XL-FR-3PMSF-opona-Profil-opony-45\" srcset=\"https:\/\/a.allegroimg.com\/original\/11e178\/c86471cb4fce98091af40e843df4\/2-x-Falken-EuroAll-Season-AS220-PRO-245-45R20-103-W-XL-FR-3PMSF-opona-Profil-opony-45 360w,https:\/\/a.allegroimg.com\/original\/11e178\/c86471cb4fce98091af40e843df4\/2-x-Falken-EuroAll-Season-AS220-PRO-245-45R20-103-W-XL-FR-3PMSF-opona-Profil-opony-45 720w,https:\/\/a.allegroimg.com\/original\/11e178\/c86471cb4fce98091af40e843df4\/2-x-Falken-EuroAll-Season-AS220-PRO-245-45R20-103-W-XL-FR-3PMSF-opona-Profil-opony-45 760w,https:\/\/a.allegroimg.com\/original\/11e178\/c86471cb4fce98091af40e843df4\/2-x-Falken-EuroAll-Season-AS220-PRO-245-45R20-103-W-XL-FR-3PMSF-opona-Profil-opony-45 760w\" sizes=\"(min-width: 1200px) 560px, (min-width: 992px) 50vw, 100vw\" width=\"760px\" alt=\"2 x Falken EuroAll Season AS220 PRO 245\/45R20 103 W XL FR 3PMSF opona Profil opony 45\"\/ style=\"max-width: 100%; height: auto; display: block; margin: 0 auto;\"><\/div>\n<\/div>\n<\/div>\n<\/div>\n<\/div>\n<div style=\"clear: both; display: block; margin: 10px 0;\">\n<div style=\"clear: both; display: block; margin: 10px 0;\">\n<h1>Pewno\u015b\u0107 i komfort niezale\u017cnie od sezonu<\/h1>\n<p style=\"margin: 15px 0; line-height: 1.8; clear: both; display: block; width: 100%; float: none; position: static;\">Falken EuroAll Season AS220 PRO to idealna propozycja dla kierowc\u00f3w, kt\u00f3rzy oczekuj\u0105 sportowego charakteru jazdy, wysokiego poziomu bezpiecze\u0144stwa i uniwersalno\u015bci w ka\u017cdych warunkach pogodowych. Opona \u0142\u0105czy zalety ogumienia letniego i zimowego, nie rezygnuj\u0105c z dynamicznego stylu prowadzenia. Dzi\u0119ki doskona\u0142ej przyczepno\u015bci na mokrej nawierzchni, zwi\u0119kszonej stabilno\u015bci i nowoczesnej konstrukcji, AS220 PRO wyznacza nowe standardy w\u015br\u00f3d opon ca\u0142orocznych klasy \u015bredniej z aspiracjami premium.<\/p>\n<\/div>\n<\/div>\n<\/div>\n<\/div>\n<\/div>\n<\/div>\n<div style=\"clear: both; display: block; margin: 10px 0;\">\n","protected":false},"excerpt":{"rendered":"<p>Falken EuroAll Season AS220 PRO 245\/45R20 103 W XL FR 3PMSF<\/p>\n<p>Producent: Falken<\/p>\n<p>Model: EuroAll Season AS220 PRO<\/p>\n<p>Sezon: ca\u0142oroczne<\/p>\n<p>Rozmiar: 245\/45R20<\/p>\n<p>Data produkcji: do 36 miesi\u0119cy<\/p>\n<p>Zu\u017cycie paliwa: klasa C<\/p>\n<p>Przyczepno\u015b\u0107 na mokrym: klasa B<\/p>\n","protected":false},"featured_media":11377,"template":"","meta":{"_uag_custom_page_level_css":""},"product_brand":[451],"product_cat":[416,414,413,412],"product_tag":[],"class_list":{"0":"post-11376","1":"product","2":"type-product","3":"status-publish","4":"has-post-thumbnail","6":"product_brand-falken","7":"product_cat-caloroczne","8":"product_cat-do-samochodow-osobowych-i-suv","9":"product_cat-opony","10":"product_cat-opony-i-felgi","12":"first","13":"instock","14":"shipping-taxable","15":"purchasable","16":"product-type-simple"},"uagb_featured_image_src":{"full":["https:\/\/oponixo.shop\/tire\/wp-content\/uploads\/2026\/01\/allegro-image-11376.jpg",382,500,false],"thumbnail":["https:\/\/oponixo.shop\/tire\/wp-content\/uploads\/2026\/01\/allegro-image-11376-150x150.jpg",150,150,true],"medium":["https:\/\/oponixo.shop\/tire\/wp-content\/uploads\/2026\/01\/allegro-image-11376-229x300.jpg",229,300,true],"medium_large":["https:\/\/oponixo.shop\/tire\/wp-content\/uploads\/2026\/01\/allegro-image-11376.jpg",382,500,false],"large":["https:\/\/oponixo.shop\/tire\/wp-content\/uploads\/2026\/01\/allegro-image-11376.jpg",382,500,false],"1536x1536":["https:\/\/oponixo.shop\/tire\/wp-content\/uploads\/2026\/01\/allegro-image-11376.jpg",382,500,false],"2048x2048":["https:\/\/oponixo.shop\/tire\/wp-content\/uploads\/2026\/01\/allegro-image-11376.jpg",382,500,false],"woocommerce_thumbnail":["https:\/\/oponixo.shop\/tire\/wp-content\/uploads\/2026\/01\/allegro-image-11376-300x300.jpg",300,300,true],"woocommerce_single":["https:\/\/oponixo.shop\/tire\/wp-content\/uploads\/2026\/01\/allegro-image-11376.jpg",382,500,false],"woocommerce_gallery_thumbnail":["https:\/\/oponixo.shop\/tire\/wp-content\/uploads\/2026\/01\/allegro-image-11376-100x100.jpg",100,100,true]},"uagb_author_info":{"display_name":"admin","author_link":"https:\/\/oponixo.shop\/tire\/author\/"},"uagb_comment_info":0,"uagb_excerpt":"Falken EuroAll Season AS220 PRO 245\/45R20 103 W XL FR 3PMSF Producent: Falken Model: EuroAll Season AS220 PRO Sezon: ca\u0142oroczne Rozmiar: 245\/45R20 Data produkcji: do 36 miesi\u0119cy Zu\u017cycie paliwa: klasa C Przyczepno\u015b\u0107 na mokrym: klasa B","_links":{"self":[{"href":"https:\/\/oponixo.shop\/tire\/wp-json\/wp\/v2\/product\/11376","targetHints":{"allow":["GET"]}}],"collection":[{"href":"https:\/\/oponixo.shop\/tire\/wp-json\/wp\/v2\/product"}],"about":[{"href":"https:\/\/oponixo.shop\/tire\/wp-json\/wp\/v2\/types\/product"}],"wp:featuredmedia":[{"embeddable":true,"href":"https:\/\/oponixo.shop\/tire\/wp-json\/wp\/v2\/media\/11377"}],"wp:attachment":[{"href":"https:\/\/oponixo.shop\/tire\/wp-json\/wp\/v2\/media?parent=11376"}],"wp:term":[{"taxonomy":"product_brand","embeddable":true,"href":"https:\/\/oponixo.shop\/tire\/wp-json\/wp\/v2\/product_brand?post=11376"},{"taxonomy":"product_cat","embeddable":true,"href":"https:\/\/oponixo.shop\/tire\/wp-json\/wp\/v2\/product_cat?post=11376"},{"taxonomy":"product_tag","embeddable":true,"href":"https:\/\/oponixo.shop\/tire\/wp-json\/wp\/v2\/product_tag?post=11376"}],"curies":[{"name":"wp","href":"https:\/\/api.w.org\/{rel}","templated":true}]}}