{"id":12514,"date":"2026-01-03T21:48:34","date_gmt":"2026-01-03T20:48:34","guid":{"rendered":"https:\/\/oponyexpert.shop\/xef5\/produkt\/2-x-falken-eurowinter-hs02-pro-275-45r19-108-v-xl-fr-3pmsf-opona-zimowa\/"},"modified":"2026-01-03T21:48:34","modified_gmt":"2026-01-03T20:48:34","slug":"2-x-falken-eurowinter-hs02-pro-275-45r19-108-v-xl-fr-3pmsf-opona-zimowa","status":"publish","type":"product","link":"https:\/\/oponixo.shop\/tire\/produkt\/2-x-falken-eurowinter-hs02-pro-275-45r19-108-v-xl-fr-3pmsf-opona-zimowa\/","title":{"rendered":"2 x Falken EuroWinter HS02 PRO 275\/45R19 108 V XL FR 3PMSF opona zimowa"},"content":{"rendered":"<div style=\"font-family: Arial, sans-serif; line-height: 1.6; color: #333; padding: 20px; clear: both; display: block; width: 100%; float: none; position: static; overflow: hidden;\">\n<div style=\"clear: both; display: block; margin: 10px 0;\">\n<div style=\"clear: both; display: block; margin: 10px 0;\">\n<div style=\"clear: both; display: block; margin: 10px 0;\">\n<div  style=\"max-width:381px;max-height:500px\">\n<div style=\"clear: both; display: block; margin: 10px 0;\">\n<div style=\"clear: both; width: 100%; display: block; margin: 20px 0; padding: 0; float: none; position: static; text-align: center;\"><img decoding=\"async\"  src=\"https:\/\/a.allegroimg.com\/original\/11c4f0\/e9bd3b374626834e2c0b93a1272e\/2-x-Falken-EuroWinter-HS02-PRO-275-45R19-108-V-XL-FR-3PMSF-opona-zimowa\" srcset=\"https:\/\/a.allegroimg.com\/original\/11c4f0\/e9bd3b374626834e2c0b93a1272e\/2-x-Falken-EuroWinter-HS02-PRO-275-45R19-108-V-XL-FR-3PMSF-opona-zimowa 274w,https:\/\/a.allegroimg.com\/original\/11c4f0\/e9bd3b374626834e2c0b93a1272e\/2-x-Falken-EuroWinter-HS02-PRO-275-45R19-108-V-XL-FR-3PMSF-opona-zimowa 381w,https:\/\/a.allegroimg.com\/original\/11c4f0\/e9bd3b374626834e2c0b93a1272e\/2-x-Falken-EuroWinter-HS02-PRO-275-45R19-108-V-XL-FR-3PMSF-opona-zimowa 381w\" sizes=\"(min-width: 1200px) 560px, (min-width: 992px) 50vw, 100vw\" width=\"381px\" alt=\"2 x Falken EuroWinter HS02 PRO 275\/45R19 108 V XL FR 3PMSF opona zimowa\"\/ style=\"max-width: 100%; height: auto; display: block; margin: 0 auto;\"><\/div>\n<\/div>\n<\/div>\n<\/div>\n<\/div>\n<div style=\"clear: both; display: block; margin: 10px 0;\">\n<div style=\"clear: both; display: block; margin: 10px 0;\">\n<h2>Falken EuroWinter HS02 PRO 275\/45R19 108 V XL FR 3PMSF<\/h2>\n<p style=\"margin: 15px 0; line-height: 1.8; clear: both; display: block; width: 100%; float: none; position: static;\">Producent: Falken<\/p>\n<p style=\"margin: 15px 0; line-height: 1.8; clear: both; display: block; width: 100%; float: none; position: static;\">Model: EuroWinter HS02 PRO<\/p>\n<p style=\"margin: 15px 0; line-height: 1.8; clear: both; display: block; width: 100%; float: none; position: static;\">Sezon: zimowe<\/p>\n<p style=\"margin: 15px 0; line-height: 1.8; clear: both; display: block; width: 100%; float: none; position: static;\">Rozmiar: 275\/45R19<\/p>\n<p style=\"margin: 15px 0; line-height: 1.8; clear: both; display: block; width: 100%; float: none; position: static;\">Data produkcji: 2025<\/p>\n<p style=\"margin: 15px 0; line-height: 1.8; clear: both; display: block; width: 100%; float: none; position: static;\">Zu\u017cycie paliwa: klasa D<\/p>\n<p style=\"margin: 15px 0; line-height: 1.8; clear: both; display: block; width: 100%; float: none; position: static;\">Przyczepno\u015b\u0107 na mokrym: klasa B<\/p>\n<p style=\"margin: 15px 0; line-height: 1.8; clear: both; display: block; width: 100%; float: none; position: static;\">Poziom ha\u0142asu: 72 dB<\/p>\n<\/div>\n<\/div>\n<\/div>\n<div style=\"clear: both; display: block; margin: 10px 0;\">\n<div style=\"clear: both; display: block; margin: 10px 0;\">\n<div style=\"clear: both; display: block; margin: 10px 0;\">\n<div  style=\"max-width:760px;max-height:582px\">\n<div style=\"clear: both; display: block; margin: 10px 0;\">\n<div style=\"clear: both; width: 100%; display: block; margin: 20px 0; padding: 0; float: none; position: static; text-align: center;\"><img decoding=\"async\"  src=\"https:\/\/a.allegroimg.com\/original\/115030\/12b6f85d4d3fa832898f8b512f5d\/2-x-Falken-EuroWinter-HS02-PRO-275-45R19-108-V-XL-FR-3PMSF-opona-zimowa-Liczba-opon-w-ofercie-2-szt\" srcset=\"https:\/\/a.allegroimg.com\/original\/115030\/12b6f85d4d3fa832898f8b512f5d\/2-x-Falken-EuroWinter-HS02-PRO-275-45R19-108-V-XL-FR-3PMSF-opona-zimowa-Liczba-opon-w-ofercie-2-szt 360w,https:\/\/a.allegroimg.com\/original\/115030\/12b6f85d4d3fa832898f8b512f5d\/2-x-Falken-EuroWinter-HS02-PRO-275-45R19-108-V-XL-FR-3PMSF-opona-zimowa-Liczba-opon-w-ofercie-2-szt 720w,https:\/\/a.allegroimg.com\/original\/115030\/12b6f85d4d3fa832898f8b512f5d\/2-x-Falken-EuroWinter-HS02-PRO-275-45R19-108-V-XL-FR-3PMSF-opona-zimowa-Liczba-opon-w-ofercie-2-szt 760w,https:\/\/a.allegroimg.com\/original\/115030\/12b6f85d4d3fa832898f8b512f5d\/2-x-Falken-EuroWinter-HS02-PRO-275-45R19-108-V-XL-FR-3PMSF-opona-zimowa-Liczba-opon-w-ofercie-2-szt 760w\" sizes=\"(min-width: 1200px) 560px, (min-width: 992px) 50vw, 100vw\" width=\"760px\" alt=\"2 x Falken EuroWinter HS02 PRO 275\/45R19 108 V XL FR 3PMSF opona zimowa Liczba opon w ofercie 2 szt.\"\/ style=\"max-width: 100%; height: auto; display: block; margin: 0 auto;\"><\/div>\n<\/div>\n<\/div>\n<\/div>\n<\/div>\n<div style=\"clear: both; display: block; margin: 10px 0;\">\n<div style=\"clear: both; display: block; margin: 10px 0;\">\n<h1>Falken EuroWinter HS02 PRO \u2013 zimowa opona klasy UHP do dynamicznej jazdy<\/h1>\n<p style=\"margin: 15px 0; line-height: 1.8; clear: both; display: block; width: 100%; float: none; position: static;\">Falken EuroWinter HS02 PRO to nowoczesna opona zimowa klasy \u015bredniej z segmentu Ultra High Performance (UHP), zaprojektowana z my\u015bl\u0105 o kierowcach sportowych aut, SUV-\u00f3w i samochod\u00f3w klasy wy\u017cszej. Model ten \u0142\u0105czy w sobie zimow\u0105 niezawodno\u015b\u0107 z dynamicznym charakterem prowadzenia, oferuj\u0105c bardzo dobre osi\u0105gi na suchych, mokrych i za\u015bnie\u017conych drogach. To propozycja dla tych, kt\u00f3rzy nie chc\u0105 wybiera\u0107 mi\u0119dzy bezpiecze\u0144stwem a przyjemno\u015bci\u0105 z jazdy \u2013 nawet zim\u0105.<\/p>\n<\/div>\n<\/div>\n<\/div>\n<div style=\"clear: both; display: block; margin: 10px 0;\">\n<div style=\"clear: both; display: block; margin: 10px 0;\">\n<div style=\"clear: both; display: block; margin: 10px 0;\">\n<div  style=\"max-width:760px;max-height:580px\">\n<div style=\"clear: both; display: block; margin: 10px 0;\">\n<div style=\"clear: both; width: 100%; display: block; margin: 20px 0; padding: 0; float: none; position: static; text-align: center;\"><img decoding=\"async\"  src=\"https:\/\/a.allegroimg.com\/original\/112d55\/bcfc707e4a1686531f2c168f623d\/2-x-Falken-EuroWinter-HS02-PRO-275-45R19-108-V-XL-FR-3PMSF-opona-zimowa-Rok-produkcji-2025\" srcset=\"https:\/\/a.allegroimg.com\/original\/112d55\/bcfc707e4a1686531f2c168f623d\/2-x-Falken-EuroWinter-HS02-PRO-275-45R19-108-V-XL-FR-3PMSF-opona-zimowa-Rok-produkcji-2025 360w,https:\/\/a.allegroimg.com\/original\/112d55\/bcfc707e4a1686531f2c168f623d\/2-x-Falken-EuroWinter-HS02-PRO-275-45R19-108-V-XL-FR-3PMSF-opona-zimowa-Rok-produkcji-2025 720w,https:\/\/a.allegroimg.com\/original\/112d55\/bcfc707e4a1686531f2c168f623d\/2-x-Falken-EuroWinter-HS02-PRO-275-45R19-108-V-XL-FR-3PMSF-opona-zimowa-Rok-produkcji-2025 760w,https:\/\/a.allegroimg.com\/original\/112d55\/bcfc707e4a1686531f2c168f623d\/2-x-Falken-EuroWinter-HS02-PRO-275-45R19-108-V-XL-FR-3PMSF-opona-zimowa-Rok-produkcji-2025 760w\" sizes=\"(min-width: 1200px) 560px, (min-width: 992px) 50vw, 100vw\" width=\"760px\" alt=\"2 x Falken EuroWinter HS02 PRO 275\/45R19 108 V XL FR 3PMSF opona zimowa Rok produkcji 2025\"\/ style=\"max-width: 100%; height: auto; display: block; margin: 0 auto;\"><\/div>\n<\/div>\n<\/div>\n<\/div>\n<\/div>\n<div style=\"clear: both; display: block; margin: 10px 0;\">\n<div style=\"clear: both; display: block; margin: 10px 0;\">\n<h1>Asymetryczny bie\u017cnik i precyzyjne prowadzenie<\/h1>\n<p style=\"margin: 15px 0; line-height: 1.8; clear: both; display: block; width: 100%; float: none; position: static;\">W odr\u00f3\u017cnieniu od standardowego modelu HS02, wersja PRO ma asymetryczny bie\u017cnik, kt\u00f3ry poprawia stabilno\u015b\u0107 na zakr\u0119tach, u\u0142atwia prowadzenie na suchej nawierzchni i skraca drog\u0119 hamowania. Dodatkowo, specjalnie ukszta\u0142towane rowki dobrze chwytaj\u0105 i ubijaj\u0105 \u015bnieg, co zwi\u0119ksza przyczepno\u015b\u0107 i u\u0142atwia oczyszczanie bie\u017cnika z b\u0142ota po\u015bniegowego. Dzi\u0119ki temu opona radzi sobie \u015bwietnie w r\u00f3\u017cnych warunkach zimowych, zachowuj\u0105c dynamiczny, sportowy styl jazdy.<\/p>\n<\/div>\n<\/div>\n<\/div>\n<div style=\"clear: both; display: block; margin: 10px 0;\">\n<div style=\"clear: both; display: block; margin: 10px 0;\">\n<div style=\"clear: both; display: block; margin: 10px 0;\">\n<div  style=\"max-width:760px;max-height:624px\">\n<div style=\"clear: both; display: block; margin: 10px 0;\">\n<div style=\"clear: both; width: 100%; display: block; margin: 20px 0; padding: 0; float: none; position: static; text-align: center;\"><img decoding=\"async\"  src=\"https:\/\/a.allegroimg.com\/original\/11cbf1\/934d4acd4f2cb6c561cee6ceac29\/2-x-Falken-EuroWinter-HS02-PRO-275-45R19-108-V-XL-FR-3PMSF-opona-zimowa-Marka-Falken\" srcset=\"https:\/\/a.allegroimg.com\/original\/11cbf1\/934d4acd4f2cb6c561cee6ceac29\/2-x-Falken-EuroWinter-HS02-PRO-275-45R19-108-V-XL-FR-3PMSF-opona-zimowa-Marka-Falken 360w,https:\/\/a.allegroimg.com\/original\/11cbf1\/934d4acd4f2cb6c561cee6ceac29\/2-x-Falken-EuroWinter-HS02-PRO-275-45R19-108-V-XL-FR-3PMSF-opona-zimowa-Marka-Falken 720w,https:\/\/a.allegroimg.com\/original\/11cbf1\/934d4acd4f2cb6c561cee6ceac29\/2-x-Falken-EuroWinter-HS02-PRO-275-45R19-108-V-XL-FR-3PMSF-opona-zimowa-Marka-Falken 760w,https:\/\/a.allegroimg.com\/original\/11cbf1\/934d4acd4f2cb6c561cee6ceac29\/2-x-Falken-EuroWinter-HS02-PRO-275-45R19-108-V-XL-FR-3PMSF-opona-zimowa-Marka-Falken 760w\" sizes=\"(min-width: 1200px) 560px, (min-width: 992px) 50vw, 100vw\" width=\"760px\" alt=\"2 x Falken EuroWinter HS02 PRO 275\/45R19 108 V XL FR 3PMSF opona zimowa Marka Falken\"\/ style=\"max-width: 100%; height: auto; display: block; margin: 0 auto;\"><\/div>\n<\/div>\n<\/div>\n<\/div>\n<\/div>\n<div style=\"clear: both; display: block; margin: 10px 0;\">\n<div style=\"clear: both; display: block; margin: 10px 0;\">\n<h1>Technologia ukierunkowana na bezpiecze\u0144stwo<\/h1>\n<p style=\"margin: 15px 0; line-height: 1.8; clear: both; display: block; width: 100%; float: none; position: static;\">Zastosowanie podw\u00f3jnych rowk\u00f3w Zig-Zag w g\u0142\u00f3wnych kana\u0142ach bie\u017cnika pozwala wygenerowa\u0107 dodatkowe kraw\u0119dzie chwytne, kt\u00f3re poprawiaj\u0105 trakcj\u0119 i skracaj\u0105 drog\u0119 hamowania na mokrej nawierzchni. Dodatkowo, konstrukcja bie\u017cnika zosta\u0142a podzielona na dwie strefy \u2013 wn\u0119trze zoptymalizowano pod k\u0105tem jazdy w \u015bniegu i b\u0142ocie po\u015bniegowym, natomiast zewn\u0119trzna cz\u0119\u015b\u0107 wspiera osi\u0105gi na suchych i mokrych drogach. Taka synergia pozwala uzyska\u0107 sportowe wra\u017cenia z jazdy, przy zachowaniu pe\u0142nej kontroli i bezpiecze\u0144stwa.<\/p>\n<\/div>\n<\/div>\n<\/div>\n<div style=\"clear: both; display: block; margin: 10px 0;\">\n<div style=\"clear: both; display: block; margin: 10px 0;\">\n<div style=\"clear: both; display: block; margin: 10px 0;\">\n<div  style=\"max-width:760px;max-height:624px\">\n<div style=\"clear: both; display: block; margin: 10px 0;\">\n<div style=\"clear: both; width: 100%; display: block; margin: 20px 0; padding: 0; float: none; position: static; text-align: center;\"><img decoding=\"async\"  src=\"https:\/\/a.allegroimg.com\/original\/11bbd8\/656fe04f4a20b1cf8497503043fb\/2-x-Falken-EuroWinter-HS02-PRO-275-45R19-108-V-XL-FR-3PMSF-opona-zimowa-Szerokosc-opony-275-mm\" srcset=\"https:\/\/a.allegroimg.com\/original\/11bbd8\/656fe04f4a20b1cf8497503043fb\/2-x-Falken-EuroWinter-HS02-PRO-275-45R19-108-V-XL-FR-3PMSF-opona-zimowa-Szerokosc-opony-275-mm 360w,https:\/\/a.allegroimg.com\/original\/11bbd8\/656fe04f4a20b1cf8497503043fb\/2-x-Falken-EuroWinter-HS02-PRO-275-45R19-108-V-XL-FR-3PMSF-opona-zimowa-Szerokosc-opony-275-mm 720w,https:\/\/a.allegroimg.com\/original\/11bbd8\/656fe04f4a20b1cf8497503043fb\/2-x-Falken-EuroWinter-HS02-PRO-275-45R19-108-V-XL-FR-3PMSF-opona-zimowa-Szerokosc-opony-275-mm 760w,https:\/\/a.allegroimg.com\/original\/11bbd8\/656fe04f4a20b1cf8497503043fb\/2-x-Falken-EuroWinter-HS02-PRO-275-45R19-108-V-XL-FR-3PMSF-opona-zimowa-Szerokosc-opony-275-mm 760w\" sizes=\"(min-width: 1200px) 560px, (min-width: 992px) 50vw, 100vw\" width=\"760px\" alt=\"2 x Falken EuroWinter HS02 PRO 275\/45R19 108 V XL FR 3PMSF opona zimowa Szeroko\u015b\u0107 opony 275 mm\"\/ style=\"max-width: 100%; height: auto; display: block; margin: 0 auto;\"><\/div>\n<\/div>\n<\/div>\n<\/div>\n<\/div>\n<div style=\"clear: both; display: block; margin: 10px 0;\">\n<div style=\"clear: both; display: block; margin: 10px 0;\">\n<h1>Oszcz\u0119dno\u015b\u0107, trwa\u0142o\u015b\u0107 i estetyka<\/h1>\n<p style=\"margin: 15px 0; line-height: 1.8; clear: both; display: block; width: 100%; float: none; position: static;\">Opona zosta\u0142a zaprojektowana z my\u015bl\u0105 o redukcji masy, co przek\u0142ada si\u0119 na ni\u017csze opory toczenia i wi\u0119ksz\u0105 efektywno\u015b\u0107 paliwow\u0105. Dzi\u0119ki wykorzystaniu nowoczesnych materia\u0142\u00f3w, HS02 PRO oferuje r\u00f3wnie\u017c dobr\u0105 trwa\u0142o\u015b\u0107 oraz r\u00f3wnomierne zu\u017cycie bie\u017cnika. Ca\u0142o\u015bci dope\u0142nia atrakcyjny wygl\u0105d z bocznym oznaczeniem Nano-Black, kt\u00f3ry podkre\u015bla sportowy charakter i nowoczesny styl tej opony. To propozycja dla kierowc\u00f3w, kt\u00f3rzy zim\u0105 oczekuj\u0105 czego\u015b wi\u0119cej ni\u017c tylko przyczepno\u015bci \u2013 liczy si\u0119 r\u00f3wnie\u017c jako\u015b\u0107 prowadzenia i przyjemno\u015b\u0107 z jazdy.<\/p>\n<\/div>\n<\/div>\n<\/div>\n<\/div>\n<\/div>\n<\/div>\n<div style=\"clear: both; display: block; margin: 10px 0;\">\n","protected":false},"excerpt":{"rendered":"<p>Falken EuroWinter HS02 PRO 275\/45R19 108 V XL FR 3PMSF<\/p>\n<p>Producent: Falken<\/p>\n<p>Model: EuroWinter HS02 PRO<\/p>\n<p>Sezon: zimowe<\/p>\n<p>Rozmiar: 275\/45R19<\/p>\n<p>Data produkcji: 2025<\/p>\n<p>Zu\u017cycie paliwa: klasa D<\/p>\n<p>Przyczepno\u015b\u0107 na mokrym: klasa B<\/p>\n","protected":false},"featured_media":12515,"template":"","meta":{"_uag_custom_page_level_css":""},"product_brand":[451],"product_cat":[414,413,412,415],"product_tag":[],"class_list":{"0":"post-12514","1":"product","2":"type-product","3":"status-publish","4":"has-post-thumbnail","6":"product_brand-falken","7":"product_cat-do-samochodow-osobowych-i-suv","8":"product_cat-opony","9":"product_cat-opony-i-felgi","10":"product_cat-zimowe","12":"first","13":"instock","14":"shipping-taxable","15":"purchasable","16":"product-type-simple"},"uagb_featured_image_src":{"full":["https:\/\/oponixo.shop\/tire\/wp-content\/uploads\/2026\/01\/allegro-image-12514.jpg",381,500,false],"thumbnail":["https:\/\/oponixo.shop\/tire\/wp-content\/uploads\/2026\/01\/allegro-image-12514-150x150.jpg",150,150,true],"medium":["https:\/\/oponixo.shop\/tire\/wp-content\/uploads\/2026\/01\/allegro-image-12514-229x300.jpg",229,300,true],"medium_large":["https:\/\/oponixo.shop\/tire\/wp-content\/uploads\/2026\/01\/allegro-image-12514.jpg",381,500,false],"large":["https:\/\/oponixo.shop\/tire\/wp-content\/uploads\/2026\/01\/allegro-image-12514.jpg",381,500,false],"1536x1536":["https:\/\/oponixo.shop\/tire\/wp-content\/uploads\/2026\/01\/allegro-image-12514.jpg",381,500,false],"2048x2048":["https:\/\/oponixo.shop\/tire\/wp-content\/uploads\/2026\/01\/allegro-image-12514.jpg",381,500,false],"woocommerce_thumbnail":["https:\/\/oponixo.shop\/tire\/wp-content\/uploads\/2026\/01\/allegro-image-12514-300x300.jpg",300,300,true],"woocommerce_single":["https:\/\/oponixo.shop\/tire\/wp-content\/uploads\/2026\/01\/allegro-image-12514.jpg",381,500,false],"woocommerce_gallery_thumbnail":["https:\/\/oponixo.shop\/tire\/wp-content\/uploads\/2026\/01\/allegro-image-12514-100x100.jpg",100,100,true]},"uagb_author_info":{"display_name":"admin","author_link":"https:\/\/oponixo.shop\/tire\/author\/"},"uagb_comment_info":0,"uagb_excerpt":"Falken EuroWinter HS02 PRO 275\/45R19 108 V XL FR 3PMSF Producent: Falken Model: EuroWinter HS02 PRO Sezon: zimowe Rozmiar: 275\/45R19 Data produkcji: 2025 Zu\u017cycie paliwa: klasa D Przyczepno\u015b\u0107 na mokrym: klasa B","_links":{"self":[{"href":"https:\/\/oponixo.shop\/tire\/wp-json\/wp\/v2\/product\/12514","targetHints":{"allow":["GET"]}}],"collection":[{"href":"https:\/\/oponixo.shop\/tire\/wp-json\/wp\/v2\/product"}],"about":[{"href":"https:\/\/oponixo.shop\/tire\/wp-json\/wp\/v2\/types\/product"}],"wp:featuredmedia":[{"embeddable":true,"href":"https:\/\/oponixo.shop\/tire\/wp-json\/wp\/v2\/media\/12515"}],"wp:attachment":[{"href":"https:\/\/oponixo.shop\/tire\/wp-json\/wp\/v2\/media?parent=12514"}],"wp:term":[{"taxonomy":"product_brand","embeddable":true,"href":"https:\/\/oponixo.shop\/tire\/wp-json\/wp\/v2\/product_brand?post=12514"},{"taxonomy":"product_cat","embeddable":true,"href":"https:\/\/oponixo.shop\/tire\/wp-json\/wp\/v2\/product_cat?post=12514"},{"taxonomy":"product_tag","embeddable":true,"href":"https:\/\/oponixo.shop\/tire\/wp-json\/wp\/v2\/product_tag?post=12514"}],"curies":[{"name":"wp","href":"https:\/\/api.w.org\/{rel}","templated":true}]}}