{"id":14294,"date":"2026-01-12T01:35:19","date_gmt":"2026-01-12T00:35:19","guid":{"rendered":"https:\/\/oponyspeed.shop\/xef5\/produkt\/2x-vredestein-225-40r18-ultrac-pro-92w-fr\/"},"modified":"2026-01-12T01:35:19","modified_gmt":"2026-01-12T00:35:19","slug":"2x-vredestein-225-40r18-ultrac-pro-92w-fr","status":"publish","type":"product","link":"https:\/\/oponixo.shop\/tire\/produkt\/2x-vredestein-225-40r18-ultrac-pro-92w-fr\/","title":{"rendered":"2x Vredestein 225\/40R18 ULTRAC PRO 92W FR"},"content":{"rendered":"<div style=\"font-family: Arial, sans-serif; line-height: 1.6; color: #333; padding: 20px; clear: both; display: block; width: 100%; float: none; position: static; overflow: hidden;\">\n<div style=\"clear: both; display: block; margin: 10px 0;\">\n<div style=\"clear: both; display: block; margin: 10px 0;\">\n<div style=\"clear: both; display: block; margin: 10px 0;\">\n<h2>Opona letnia Vredestein ULTRAC PRO 225\/40R18 92W XL FR<\/h2>\n<p style=\"margin: 15px 0; line-height: 1.8; clear: both; display: block; width: 100%; float: none; position: static;\"><b>Vredestein Ultrac Pro<\/b>&nbsp;to letnia opona klasy premium. Jest przeznaczona do szerokiej gamy samochod\u00f3w osobowych od aut rodzinnych po kompaktowe hatchbacki. Ten model koncentruje si\u0119 na optymalizacji codziennego u\u017cytkowania opon.<\/p>\n<p style=\"margin: 15px 0; line-height: 1.8; clear: both; display: block; width: 100%; float: none; position: static;\"><b>Wyd\u0142u\u017cone przebiegi, bezpiecze\u0144stwo jazdy, komfort oraz aspekty ekologiczne, to obszary, na kt\u00f3rych skupiono si\u0119 w modelu Ultrac Pro<\/b>.<\/p>\n<p style=\"margin: 15px 0; line-height: 1.8; clear: both; display: block; width: 100%; float: none; position: static;\"><b>Vredestein na pierwszy monta\u017c dostarcza opony takim koncernom jak: <\/b>, Audi, Volkswagen.&nbsp;<\/p>\n<p style=\"margin: 15px 0; line-height: 1.8; clear: both; display: block; width: 100%; float: none; position: static;\">Vredestein jest Holendersk\u0105 firm\u0105, kt\u00f3ra rozpocz\u0119\u0142a swoj\u0105 dzia\u0142alno\u015b\u0107 w 1908 r. G\u0142\u00f3wnie zajmuje si\u0119 produkcj\u0105&nbsp; opon przeznaczona do samochod\u00f3w osobowych, rolniczych, oraz rower\u00f3w.&nbsp; W 1925 r. firma wycofa\u0142a si\u0119 z rynku oponiarskiego i powr\u00f3ci\u0142a na rynek po 21 letniej przerwie. Po powrocie na rynek rozpocz\u0119li wsp\u00f3\u0142prac\u0119 z koncernem BF Goodrich. Vredestein sta\u0142o si\u0119 oponiarsk\u0105 elit\u0105 w roku 1963. I od tego czasu logo firmy mo\u017cna by\u0142o zobaczy\u0107 na rajdach Monte Carlo.<\/p>\n<p style=\"margin: 15px 0; line-height: 1.8; clear: both; display: block; width: 100%; float: none; position: static;\">Produkcj\u0119 opon Vredestein szacuje si\u0119&nbsp; na ok. sze\u015b\u0107 milion\u00f3w opon rocznie. Zak\u0142ady produkcyjne s\u0105 w Enschede, Kirov i Worone\u017c. Do koncernu Vredestein nale\u017cy marka Maloya, kt\u00f3rej opony s\u0105 produkowane w fabryce w Enschede. W gamie produkt\u00f3w Vredestein Banden s\u0105 te\u017c pierwsze na \u015bwiecie opony (Sportrac i Ultrac) zaprojektowane przy wsp\u00f3\u0142udziale w\u0142oskich stylist\u00f3w z Giugiaro Design. Jest to pierwszy producent ogumienia, kt\u00f3ry zwr\u00f3ci\u0142 uwag\u0119 na design swojego produktu. Jednocze\u015bnie zachowuj\u0105c wszystkie cechy wp\u0142ywaj\u0105ce na komfort i bezpiecze\u0144stwo jazdy.<\/p>\n<p style=\"margin: 15px 0; line-height: 1.8; clear: both; display: block; width: 100%; float: none; position: static;\">Innowacje s\u0105 konieczne do utrzymania pozycji lidera w bran\u017cy opon i s\u0105 wa\u017cn\u0105 cz\u0119\u015bci\u0105 firmy Vredestein. Duch innowacyjno\u015bci zawsze popycha\u0142 nas do przodu, a dzisiaj motywuje wszystkich pracownik\u00f3w do tworzenia najlepszych dost\u0119pnych opon.<\/p>\n<p style=\"margin: 15px 0; line-height: 1.8; clear: both; display: block; width: 100%; float: none; position: static;\">W ci\u0105gu ostatnich dziesi\u0119cioleci \u015bwiat poczyni\u0142 znaczne post\u0119py w kwestiach bezpiecze\u0144stwa, sterowno\u015bci i zu\u017cycia paliwa, a opony odegra\u0142y w tym rozwoju wa\u017cn\u0105 rol\u0119. Opony stanowi\u0105 punkt kontaktu mi\u0119dzy pojazdem a drog\u0105 i to od nich w du\u017cej mierze zale\u017cy prawid\u0142owe dzia\u0142anie system\u00f3w takich, jak ABS i ESP. Ka\u017cdego roku specjali\u015bci z centrum bada\u0144 i rozwoju firmy Vredestein wykonuj\u0105 testy wymagaj\u0105ce pokonania setek tysi\u0119cy kilometr\u00f3w dr\u00f3g. Nie poprzestaj\u0105, dop\u00f3ki nie dobior\u0105 doskona\u0142ego bie\u017cnika, najlepszej mieszanki gumy i optymalnej konstrukcji. Skutkuje to najlepszymi ocenami w niezale\u017cnych europejskich testach opon.<\/p>\n<p style=\"margin: 15px 0; line-height: 1.8; clear: both; display: block; width: 100%; float: none; position: static;\"><b>Producenci wchodz\u0105cy w sk\u0142ad Grupy Vredestein:<\/b>&nbsp;Apollo.&nbsp;<\/p>\n<p style=\"margin: 15px 0; line-height: 1.8; clear: both; display: block; width: 100%; float: none; position: static;\">Firma Vredestein jest rynkowym liderem w segmencie opon ca\u0142orocznych. Fundamenty tego sukcesu zosta\u0142y po\u0142o\u017cone w 1993 roku, kiedy na rynek trafi\u0142a pierwsza generacja opon Quatrac. Od tego czasu firma kontynuowa\u0142a doskonalenie opon Quatrac. W oponach ca\u0142orocznych wykorzystano ogrom wiedzy zdobytej podczas prac nad oponami letnimi i zimowymi, dzi\u0119ki czemu powsta\u0142a doskona\u0142a opona na ka\u017cd\u0105 por\u0119 roku. Seria Vredestein Quatrac osi\u0105ga znakomite wyniki w testach opon zimowych i jest uznawana za jedn\u0105 z najlepszych w swojej klasie.<\/p>\n<p style=\"margin: 15px 0; line-height: 1.8; clear: both; display: block; width: 100%; float: none; position: static;\">Optymalizacja osi\u0105g\u00f3w i bezpiecze\u0144stwa jest r\u00f3wnie\u017c stosowana w oponach do k\u00f3\u0142 bli\u017aniaczych. Firma Vredestein by\u0142a pierwszym producentem takich opon, kt\u00f3ry otrzyma\u0142 certyfikat ECE roku &#8211; R75 na a\u017c trzy modele. Nasze do\u015bwiadczenie i wiedza s\u0105 widoczne w oponie wy\u015bcigowej Vredestein Fortezza Senso, kt\u00f3ra jest z powodzeniem u\u017cywana przez wiele zawodowych zespo\u0142\u00f3w kolarskich, a tak\u017ce amator\u00f3w.<\/p>\n<p style=\"margin: 15px 0; line-height: 1.8; clear: both; display: block; width: 100%; float: none; position: static;\">&nbsp;<\/p>\n<\/div>\n<\/div>\n<\/div>\n<div style=\"clear: both; display: block; margin: 10px 0;\">\n<div style=\"clear: both; display: block; margin: 10px 0;\">\n<div style=\"clear: both; display: block; margin: 10px 0;\">\n<div  style=\"max-width:500px;max-height:500px\">\n<div style=\"clear: both; display: block; margin: 10px 0;\">\n<div style=\"clear: both; width: 100%; display: block; margin: 20px 0; padding: 0; float: none; position: static; text-align: center;\"><img decoding=\"async\"  src=\"https:\/\/a.allegroimg.com\/original\/11e59b\/8692c2bc40abb19c6b7e9ded703d\/2x-Vredestein-225-40R18-ULTRAC-PRO-92W-FR\" srcset=\"https:\/\/a.allegroimg.com\/original\/11e59b\/8692c2bc40abb19c6b7e9ded703d\/2x-Vredestein-225-40R18-ULTRAC-PRO-92W-FR 360w,https:\/\/a.allegroimg.com\/original\/11e59b\/8692c2bc40abb19c6b7e9ded703d\/2x-Vredestein-225-40R18-ULTRAC-PRO-92W-FR 500w,https:\/\/a.allegroimg.com\/original\/11e59b\/8692c2bc40abb19c6b7e9ded703d\/2x-Vredestein-225-40R18-ULTRAC-PRO-92W-FR 500w\" sizes=\"(min-width: 1200px) 560px, (min-width: 992px) 50vw, 100vw\" width=\"500px\" alt=\"2x Vredestein 225\/40R18 ULTRAC PRO 92W FR\" style=\"max-width: 100%; height: auto; display: block; margin: 0 auto;\"><\/div>\n<\/div>\n<\/div>\n<\/div>\n<\/div>\n<div style=\"clear: both; display: block; margin: 10px 0;\">\n<div style=\"clear: both; display: block; margin: 10px 0;\">\n<ul style=\"margin: 15px 0; padding-left: 20px; clear: both; display: block; width: 100%; float: none; position: static;\">\n<li style=\"margin: 5px 0; padding: 2px 0; clear: both; display: list-item; float: none; position: static;\"><b>Marka:<\/b> Vredestein<\/li>\n<li style=\"margin: 5px 0; padding: 2px 0; clear: both; display: list-item; float: none; position: static;\"><b>Liczba opon w ofercie:<\/b> 2 szt.<\/li>\n<li style=\"margin: 5px 0; padding: 2px 0; clear: both; display: list-item; float: none; position: static;\"><b>Run flat:<\/b> Nie<\/li>\n<li style=\"margin: 5px 0; padding: 2px 0; clear: both; display: list-item; float: none; position: static;\"><b>Sezon:<\/b> Letnie<\/li>\n<li style=\"margin: 5px 0; padding: 2px 0; clear: both; display: list-item; float: none; position: static;\"><b>Model:<\/b> Ultrac Pro<\/li>\n<li style=\"margin: 5px 0; padding: 2px 0; clear: both; display: list-item; float: none; position: static;\"><b>Szeroko\u015b\u0107 opony:<\/b> 225 mm<\/li>\n<li style=\"margin: 5px 0; padding: 2px 0; clear: both; display: list-item; float: none; position: static;\"><b>Profil opony:<\/b> 40<\/li>\n<li style=\"margin: 5px 0; padding: 2px 0; clear: both; display: list-item; float: none; position: static;\"><b>\u015arednica:<\/b> 18&#8243;<\/li>\n<li style=\"margin: 5px 0; padding: 2px 0; clear: both; display: list-item; float: none; position: static;\"><b>Indeks no\u015bno\u015bci:<\/b> 92 &#8211; 630 kg<\/li>\n<li style=\"margin: 5px 0; padding: 2px 0; clear: both; display: list-item; float: none; position: static;\"><b>Indeks pr\u0119dko\u015bci:<\/b> W do 270 km\/h<\/li>\n<li style=\"margin: 5px 0; padding: 2px 0; clear: both; display: list-item; float: none; position: static;\"><b>Przyczepno\u015b\u0107 na mokrej nawierzchni:<\/b> Klasa A<\/li>\n<li style=\"margin: 5px 0; padding: 2px 0; clear: both; display: list-item; float: none; position: static;\"><b>Op\u00f3r toczenia:<\/b> Klasa D<\/li>\n<li style=\"margin: 5px 0; padding: 2px 0; clear: both; display: list-item; float: none; position: static;\"><b>Ha\u0142as zewn\u0119trzny:<\/b> 72 dB<\/li>\n<li style=\"margin: 5px 0; padding: 2px 0; clear: both; display: list-item; float: none; position: static;\"><b>Informacje dodatkowe:<\/b> rant ochronny, wzmocnienie (XL)<\/li>\n<li style=\"margin: 5px 0; padding: 2px 0; clear: both; display: list-item; float: none; position: static;\"><b>Rok produkcji (DOT):<\/b> <b>2023<\/b><b> &#8211; opony z roku 2023 lub nowsze<\/b><\/li>\n<\/ul>\n<\/div>\n<\/div>\n<\/div>\n<\/div>\n<\/div>\n<\/div>\n<div style=\"clear: both; display: block; margin: 10px 0;\">\n","protected":false},"excerpt":{"rendered":"<p>Opona letnia Vredestein ULTRAC PRO 225\/40R18 92W XL FR<\/p>\n<p>Vredestein Ultrac Pro&nbsp;to letnia opona klasy premium. Jest przeznaczona do szerokiej gamy samochod\u00f3w osobowych od aut rodzinnych po kompaktowe hatchbacki. Ten model koncentruje si\u0119 na optymalizacji codziennego u\u017cytkowania opon.<\/p>\n<p>Wyd\u0142u\u017cone przebiegi, bezpiecze\u0144stwo jazdy, komfort oraz aspekty ekologiczne, to obszary, na kt\u00f3rych skupiono si\u0119 w modelu Ultrac Pro.<\/p>\n<p>Vredestein na pierwszy monta\u017c dostarcza opony takim koncernom jak: , Audi, Volkswagen.&nbsp;<\/p>\n","protected":false},"featured_media":14295,"template":"","meta":{"_uag_custom_page_level_css":""},"product_brand":[436],"product_cat":[414,418,413,412],"product_tag":[],"class_list":{"0":"post-14294","1":"product","2":"type-product","3":"status-publish","4":"has-post-thumbnail","6":"product_brand-vredestein","7":"product_cat-do-samochodow-osobowych-i-suv","8":"product_cat-letnie","9":"product_cat-opony","10":"product_cat-opony-i-felgi","12":"first","13":"instock","14":"shipping-taxable","15":"purchasable","16":"product-type-simple"},"uagb_featured_image_src":{"full":["https:\/\/oponixo.shop\/tire\/wp-content\/uploads\/2026\/01\/allegro-image-14294.jpg",500,500,false],"thumbnail":["https:\/\/oponixo.shop\/tire\/wp-content\/uploads\/2026\/01\/allegro-image-14294-150x150.jpg",150,150,true],"medium":["https:\/\/oponixo.shop\/tire\/wp-content\/uploads\/2026\/01\/allegro-image-14294-300x300.jpg",300,300,true],"medium_large":["https:\/\/oponixo.shop\/tire\/wp-content\/uploads\/2026\/01\/allegro-image-14294.jpg",500,500,false],"large":["https:\/\/oponixo.shop\/tire\/wp-content\/uploads\/2026\/01\/allegro-image-14294.jpg",500,500,false],"1536x1536":["https:\/\/oponixo.shop\/tire\/wp-content\/uploads\/2026\/01\/allegro-image-14294.jpg",500,500,false],"2048x2048":["https:\/\/oponixo.shop\/tire\/wp-content\/uploads\/2026\/01\/allegro-image-14294.jpg",500,500,false],"woocommerce_thumbnail":["https:\/\/oponixo.shop\/tire\/wp-content\/uploads\/2026\/01\/allegro-image-14294-300x300.jpg",300,300,true],"woocommerce_single":["https:\/\/oponixo.shop\/tire\/wp-content\/uploads\/2026\/01\/allegro-image-14294.jpg",500,500,false],"woocommerce_gallery_thumbnail":["https:\/\/oponixo.shop\/tire\/wp-content\/uploads\/2026\/01\/allegro-image-14294-100x100.jpg",100,100,true]},"uagb_author_info":{"display_name":"admin","author_link":"https:\/\/oponixo.shop\/tire\/author\/"},"uagb_comment_info":0,"uagb_excerpt":"Opona letnia Vredestein ULTRAC PRO 225\/40R18 92W XL FR Vredestein Ultrac Pro&nbsp;to letnia opona klasy premium. Jest przeznaczona do szerokiej gamy samochod\u00f3w osobowych od aut rodzinnych po kompaktowe hatchbacki. Ten model koncentruje si\u0119 na optymalizacji codziennego u\u017cytkowania opon. Wyd\u0142u\u017cone przebiegi, bezpiecze\u0144stwo jazdy, komfort oraz aspekty ekologiczne, to obszary, na kt\u00f3rych skupiono si\u0119 w modelu Ultrac&hellip;","_links":{"self":[{"href":"https:\/\/oponixo.shop\/tire\/wp-json\/wp\/v2\/product\/14294","targetHints":{"allow":["GET"]}}],"collection":[{"href":"https:\/\/oponixo.shop\/tire\/wp-json\/wp\/v2\/product"}],"about":[{"href":"https:\/\/oponixo.shop\/tire\/wp-json\/wp\/v2\/types\/product"}],"wp:featuredmedia":[{"embeddable":true,"href":"https:\/\/oponixo.shop\/tire\/wp-json\/wp\/v2\/media\/14295"}],"wp:attachment":[{"href":"https:\/\/oponixo.shop\/tire\/wp-json\/wp\/v2\/media?parent=14294"}],"wp:term":[{"taxonomy":"product_brand","embeddable":true,"href":"https:\/\/oponixo.shop\/tire\/wp-json\/wp\/v2\/product_brand?post=14294"},{"taxonomy":"product_cat","embeddable":true,"href":"https:\/\/oponixo.shop\/tire\/wp-json\/wp\/v2\/product_cat?post=14294"},{"taxonomy":"product_tag","embeddable":true,"href":"https:\/\/oponixo.shop\/tire\/wp-json\/wp\/v2\/product_tag?post=14294"}],"curies":[{"name":"wp","href":"https:\/\/api.w.org\/{rel}","templated":true}]}}