{"id":15337,"date":"2026-01-16T02:42:08","date_gmt":"2026-01-16T01:42:08","guid":{"rendered":"https:\/\/oponyauto.shop\/xef5\/produkt\/2-opony-caloroczne-225-75r16c-118r-falken-euroall-season-van11\/"},"modified":"2026-01-16T02:42:08","modified_gmt":"2026-01-16T01:42:08","slug":"2-opony-caloroczne-225-75r16c-118r-falken-euroall-season-van11","status":"publish","type":"product","link":"https:\/\/oponixo.shop\/tire\/produkt\/2-opony-caloroczne-225-75r16c-118r-falken-euroall-season-van11\/","title":{"rendered":"2 opony ca\u0142oroczne 225\/75R16C 118R FALKEN EuroAll Season VAN11"},"content":{"rendered":"<div style=\"font-family: Arial, sans-serif; line-height: 1.6; color: #333; padding: 20px; clear: both; display: block; width: 100%; float: none; position: static; overflow: hidden;\">\n<div style=\"clear: both; display: block; margin: 10px 0;\">\n<div style=\"clear: both; display: block; margin: 10px 0;\">\n<div style=\"clear: both; display: block; margin: 10px 0;\">\n<ul style=\"margin: 15px 0; padding-left: 20px; clear: both; display: block; width: 100%; float: none; position: static;\">\n<li style=\"margin: 5px 0; padding: 2px 0; clear: both; display: list-item; float: none; position: static;\">MARKA\/MODEL: <b>FALKEN EuroAll Season VAN11<\/b><\/li>\n<li style=\"margin: 5px 0; padding: 2px 0; clear: both; display: list-item; float: none; position: static;\">ROZMIAR OPON: <b> 225\/75R16C<\/b><\/li>\n<li style=\"margin: 5px 0; padding: 2px 0; clear: both; display: list-item; float: none; position: static;\">INDEKS PR\u0118DKO\u015aCI: <b>R<\/b><\/li>\n<li style=\"margin: 5px 0; padding: 2px 0; clear: both; display: list-item; float: none; position: static;\">INDEKS NO\u015aNO\u015aCI: <b>118\/116<\/b><\/li>\n<li style=\"margin: 5px 0; padding: 2px 0; clear: both; display: list-item; float: none; position: static;\">DATA PRODUKCJI: <b>nie starsze ni\u017c grudzie\u0144 2024<\/b><\/li>\n<li style=\"margin: 5px 0; padding: 2px 0; clear: both; display: list-item; float: none; position: static;\">SEZON: <b>Ca\u0142oroczne<\/b><\/li>\n<li style=\"margin: 5px 0; padding: 2px 0; clear: both; display: list-item; float: none; position: static;\">STAN: <b>Nowy<\/b><\/li>\n<li style=\"margin: 5px 0; padding: 2px 0; clear: both; display: list-item; float: none; position: static;\">RANT OCHRONNY NA FELG\u0118: <b>Brak<\/b><\/li>\n<li style=\"margin: 5px 0; padding: 2px 0; clear: both; display: list-item; float: none; position: static;\">DODATKOWE OZNACZENIA: <\/li>\n<\/ul>\n<\/div>\n<\/div>\n<div style=\"clear: both; display: block; margin: 10px 0;\">\n<div style=\"clear: both; display: block; margin: 10px 0;\">\n<div  style=\"max-width:1024px;max-height:1024px\">\n<div style=\"clear: both; display: block; margin: 10px 0;\">\n<div style=\"clear: both; width: 100%; display: block; margin: 20px 0; padding: 0; float: none; position: static; text-align: center;\"><img decoding=\"async\"  src=\"https:\/\/a.allegroimg.com\/original\/11e258\/2c802cfe4d688950067802fef8c4\/2-opony-caloroczne-225-75R16C-118R-FALKEN-EuroAll-Season-VAN11-Liczba-opon-w-ofercie-2-szt\" srcset=\"https:\/\/a.allegroimg.com\/original\/11e258\/2c802cfe4d688950067802fef8c4\/2-opony-caloroczne-225-75R16C-118R-FALKEN-EuroAll-Season-VAN11-Liczba-opon-w-ofercie-2-szt 360w,https:\/\/a.allegroimg.com\/original\/11e258\/2c802cfe4d688950067802fef8c4\/2-opony-caloroczne-225-75R16C-118R-FALKEN-EuroAll-Season-VAN11-Liczba-opon-w-ofercie-2-szt 720w,https:\/\/a.allegroimg.com\/original\/11e258\/2c802cfe4d688950067802fef8c4\/2-opony-caloroczne-225-75R16C-118R-FALKEN-EuroAll-Season-VAN11-Liczba-opon-w-ofercie-2-szt 1024w,https:\/\/a.allegroimg.com\/original\/11e258\/2c802cfe4d688950067802fef8c4\/2-opony-caloroczne-225-75R16C-118R-FALKEN-EuroAll-Season-VAN11-Liczba-opon-w-ofercie-2-szt 1024w\" sizes=\"(min-width: 1200px) 560px, (min-width: 992px) 50vw, 100vw\" width=\"1024px\" alt=\"2 opony ca\u0142oroczne 225\/75R16C 118R FALKEN EuroAll Season VAN11 Liczba opon w ofercie 2 szt.\" style=\"max-width: 100%; height: auto; display: block; margin: 0 auto;\"><\/div>\n<\/div>\n<\/div>\n<\/div>\n<\/div>\n<\/div>\n<div style=\"clear: both; display: block; margin: 10px 0;\">\n<div style=\"clear: both; display: block; margin: 10px 0;\">\n<div style=\"clear: both; display: block; margin: 10px 0;\">\n<div  style=\"max-width:213px;max-height:312px\">\n<div style=\"clear: both; display: block; margin: 10px 0;\">\n<div style=\"clear: both; width: 100%; display: block; margin: 20px 0; padding: 0; float: none; position: static; text-align: center;\"><img decoding=\"async\"  src=\"https:\/\/a.allegroimg.com\/original\/116ac1\/f57739cc4d99913a73741d3fbc5e\/2-opony-caloroczne-225-75R16C-118R-FALKEN-EuroAll-Season-VAN11-Rok-produkcji-2024\" srcset=\"https:\/\/a.allegroimg.com\/original\/116ac1\/f57739cc4d99913a73741d3fbc5e\/2-opony-caloroczne-225-75R16C-118R-FALKEN-EuroAll-Season-VAN11-Rok-produkcji-2024 213w,https:\/\/a.allegroimg.com\/original\/116ac1\/f57739cc4d99913a73741d3fbc5e\/2-opony-caloroczne-225-75R16C-118R-FALKEN-EuroAll-Season-VAN11-Rok-produkcji-2024 213w\" sizes=\"100vw\" width=\"213px\" alt=\"2 opony ca\u0142oroczne 225\/75R16C 118R FALKEN EuroAll Season VAN11 Rok produkcji 2024\" style=\"max-width: 100%; height: auto; display: block; margin: 0 auto;\"><\/div>\n<\/div>\n<\/div>\n<\/div>\n<\/div>\n<\/div>\n<div style=\"clear: both; display: block; margin: 10px 0;\">\n<div style=\"clear: both; display: block; margin: 10px 0;\">\n<div style=\"clear: both; display: block; margin: 10px 0;\">\n<div  style=\"max-width:1024px;max-height:1024px\">\n<div style=\"clear: both; display: block; margin: 10px 0;\">\n<div style=\"clear: both; width: 100%; display: block; margin: 20px 0; padding: 0; float: none; position: static; text-align: center;\"><img decoding=\"async\"  src=\"https:\/\/a.allegroimg.com\/original\/113539\/76329ee14f75bdc39a7d722b2ce1\/2-opony-caloroczne-225-75R16C-118R-FALKEN-EuroAll-Season-VAN11-Profil-opony-75\" srcset=\"https:\/\/a.allegroimg.com\/original\/113539\/76329ee14f75bdc39a7d722b2ce1\/2-opony-caloroczne-225-75R16C-118R-FALKEN-EuroAll-Season-VAN11-Profil-opony-75 360w,https:\/\/a.allegroimg.com\/original\/113539\/76329ee14f75bdc39a7d722b2ce1\/2-opony-caloroczne-225-75R16C-118R-FALKEN-EuroAll-Season-VAN11-Profil-opony-75 720w,https:\/\/a.allegroimg.com\/original\/113539\/76329ee14f75bdc39a7d722b2ce1\/2-opony-caloroczne-225-75R16C-118R-FALKEN-EuroAll-Season-VAN11-Profil-opony-75 1024w,https:\/\/a.allegroimg.com\/original\/113539\/76329ee14f75bdc39a7d722b2ce1\/2-opony-caloroczne-225-75R16C-118R-FALKEN-EuroAll-Season-VAN11-Profil-opony-75 1024w\" sizes=\"100vw\" width=\"1024px\" alt=\"2 opony ca\u0142oroczne 225\/75R16C 118R FALKEN EuroAll Season VAN11 Profil opony 75\" style=\"max-width: 100%; height: auto; display: block; margin: 0 auto;\"><\/div>\n<\/div>\n<\/div>\n<\/div>\n<\/div>\n<\/div>\n<div style=\"clear: both; display: block; margin: 10px 0;\">\n<div style=\"clear: both; display: block; margin: 10px 0;\">\n<div style=\"clear: both; display: block; margin: 10px 0;\">\n<div  style=\"max-width:425px;max-height:118px\">\n<div style=\"clear: both; display: block; margin: 10px 0;\">\n<div style=\"clear: both; width: 100%; display: block; margin: 20px 0; padding: 0; float: none; position: static; text-align: center;\"><img decoding=\"async\"  src=\"https:\/\/a.allegroimg.com\/original\/11980d\/73113a344f64acb31f6fd755e243\/2-opony-caloroczne-225-75R16C-118R-FALKEN-EuroAll-Season-VAN11-Szerokosc-opony-225-mm\" srcset=\"https:\/\/a.allegroimg.com\/original\/11980d\/73113a344f64acb31f6fd755e243\/2-opony-caloroczne-225-75R16C-118R-FALKEN-EuroAll-Season-VAN11-Szerokosc-opony-225-mm 360w,https:\/\/a.allegroimg.com\/original\/11980d\/73113a344f64acb31f6fd755e243\/2-opony-caloroczne-225-75R16C-118R-FALKEN-EuroAll-Season-VAN11-Szerokosc-opony-225-mm 425w,https:\/\/a.allegroimg.com\/original\/11980d\/73113a344f64acb31f6fd755e243\/2-opony-caloroczne-225-75R16C-118R-FALKEN-EuroAll-Season-VAN11-Szerokosc-opony-225-mm 425w\" sizes=\"(min-width: 1200px) 560px, (min-width: 992px) 50vw, 100vw\" width=\"425px\" alt=\"2 opony ca\u0142oroczne 225\/75R16C 118R FALKEN EuroAll Season VAN11 Szeroko\u015b\u0107 opony 225 mm\" style=\"max-width: 100%; height: auto; display: block; margin: 0 auto;\"><\/div>\n<\/div>\n<\/div>\n<\/div>\n<\/div>\n<div style=\"clear: both; display: block; margin: 10px 0;\">\n<div style=\"clear: both; display: block; margin: 10px 0;\">\n<p style=\"margin: 15px 0; line-height: 1.8; clear: both; display: block; width: 100%; float: none; position: static;\"><b>Falken Tyre<\/b> Europe GmbH jest europejsk\u0105 sp\u00f3\u0142k\u0105-c\u00f3rk\u0105 japo\u0144skiego producenta opon Sumitomo Rubber Industries Ltd., sz\u00f3stego co do wielko\u015bci producenta opon na \u015bwiecie, zatrudniaj\u0105cego ok. 23 000 pracownik\u00f3w. Firma zosta\u0142a za\u0142o\u017cona w 1983 r., a w 1988 r. otworzono jej pierwsz\u0105 fili\u0119 w Offenbach am Main. Szeroka paleta produkt\u00f3w obejmuje opony od letnich, przez terenowe, po zimowe i ca\u0142oroczne. Aby osi\u0105gn\u0105\u0107 jak najwy\u017csz\u0105 jako\u015b\u0107, Falken sprawdza swoje produkty w najbardziej wymagaj\u0105cych wy\u015bcigach na \u015bwiecie. Jednak osi\u0105gi, bezpiecze\u0144stwo i niezawodno\u015b\u0107 licz\u0105 si\u0119 nie tylko w sporcie samochodowym, z kt\u00f3rego wywodzi si\u0119 marka &#8211; stawia na te cechy r\u00f3wnie\u017c na drodze. Jej opony zapewniaj\u0105 wyj\u0105tkow\u0105, indywidualn\u0105 przyjemno\u015b\u0107 z prowadzenia, przy znakomitym stosunku ceny do jako\u015bci.<\/p>\n<\/div>\n<\/div>\n<\/div>\n<div style=\"clear: both; display: block; margin: 10px 0;\">\n<div style=\"clear: both; display: block; margin: 10px 0;\">\n<div style=\"clear: both; display: block; margin: 10px 0;\">\n<h2>Na naszych innych aukcjach Allegro znajdziesz felgi stalowe i aluminiowe, czujniki (TPMS) oraz \u015bruby i nakr\u0119tki.<\/h2>\n<\/div>\n<\/div>\n<\/div>\n<\/div>\n<\/div>\n<\/div>\n<div style=\"clear: both; display: block; margin: 10px 0;\">\n","protected":false},"excerpt":{"rendered":"<p>MARKA\/MODEL: FALKEN EuroAll Season VAN11<\/p>\n<p>ROZMIAR OPON: 225\/75R16C<\/p>\n<p>INDEKS PR\u0118DKO\u015aCI: R<\/p>\n<p>INDEKS NO\u015aNO\u015aCI: 118\/116<\/p>\n<p>DATA PRODUKCJI: nie starsze ni\u017c grudzie\u0144 2024<\/p>\n<p>SEZON: Ca\u0142oroczne<\/p>\n<p>STAN: Nowy<\/p>\n<p>RANT OCHRONNY NA FELG\u0118: Brak<\/p>\n","protected":false},"featured_media":15338,"template":"","meta":{"_uag_custom_page_level_css":""},"product_brand":[451],"product_cat":[416,417,413,412],"product_tag":[],"class_list":{"0":"post-15337","1":"product","2":"type-product","3":"status-publish","4":"has-post-thumbnail","6":"product_brand-falken","7":"product_cat-caloroczne","8":"product_cat-do-samochodow-dostawczych","9":"product_cat-opony","10":"product_cat-opony-i-felgi","12":"first","13":"instock","14":"shipping-taxable","15":"purchasable","16":"product-type-simple"},"uagb_featured_image_src":{"full":["https:\/\/oponixo.shop\/tire\/wp-content\/uploads\/2026\/01\/allegro-image-15337.jpg",1024,1024,false],"thumbnail":["https:\/\/oponixo.shop\/tire\/wp-content\/uploads\/2026\/01\/allegro-image-15337-150x150.jpg",150,150,true],"medium":["https:\/\/oponixo.shop\/tire\/wp-content\/uploads\/2026\/01\/allegro-image-15337-300x300.jpg",300,300,true],"medium_large":["https:\/\/oponixo.shop\/tire\/wp-content\/uploads\/2026\/01\/allegro-image-15337-768x768.jpg",768,768,true],"large":["https:\/\/oponixo.shop\/tire\/wp-content\/uploads\/2026\/01\/allegro-image-15337.jpg",1024,1024,false],"1536x1536":["https:\/\/oponixo.shop\/tire\/wp-content\/uploads\/2026\/01\/allegro-image-15337.jpg",1024,1024,false],"2048x2048":["https:\/\/oponixo.shop\/tire\/wp-content\/uploads\/2026\/01\/allegro-image-15337.jpg",1024,1024,false],"woocommerce_thumbnail":["https:\/\/oponixo.shop\/tire\/wp-content\/uploads\/2026\/01\/allegro-image-15337-300x300.jpg",300,300,true],"woocommerce_single":["https:\/\/oponixo.shop\/tire\/wp-content\/uploads\/2026\/01\/allegro-image-15337-600x600.jpg",600,600,true],"woocommerce_gallery_thumbnail":["https:\/\/oponixo.shop\/tire\/wp-content\/uploads\/2026\/01\/allegro-image-15337-100x100.jpg",100,100,true]},"uagb_author_info":{"display_name":"admin","author_link":"https:\/\/oponixo.shop\/tire\/author\/"},"uagb_comment_info":0,"uagb_excerpt":"MARKA\/MODEL: FALKEN EuroAll Season VAN11 ROZMIAR OPON: 225\/75R16C INDEKS PR\u0118DKO\u015aCI: R INDEKS NO\u015aNO\u015aCI: 118\/116 DATA PRODUKCJI: nie starsze ni\u017c grudzie\u0144 2024 SEZON: Ca\u0142oroczne STAN: Nowy RANT OCHRONNY NA FELG\u0118: Brak","_links":{"self":[{"href":"https:\/\/oponixo.shop\/tire\/wp-json\/wp\/v2\/product\/15337","targetHints":{"allow":["GET"]}}],"collection":[{"href":"https:\/\/oponixo.shop\/tire\/wp-json\/wp\/v2\/product"}],"about":[{"href":"https:\/\/oponixo.shop\/tire\/wp-json\/wp\/v2\/types\/product"}],"wp:featuredmedia":[{"embeddable":true,"href":"https:\/\/oponixo.shop\/tire\/wp-json\/wp\/v2\/media\/15338"}],"wp:attachment":[{"href":"https:\/\/oponixo.shop\/tire\/wp-json\/wp\/v2\/media?parent=15337"}],"wp:term":[{"taxonomy":"product_brand","embeddable":true,"href":"https:\/\/oponixo.shop\/tire\/wp-json\/wp\/v2\/product_brand?post=15337"},{"taxonomy":"product_cat","embeddable":true,"href":"https:\/\/oponixo.shop\/tire\/wp-json\/wp\/v2\/product_cat?post=15337"},{"taxonomy":"product_tag","embeddable":true,"href":"https:\/\/oponixo.shop\/tire\/wp-json\/wp\/v2\/product_tag?post=15337"}],"curies":[{"name":"wp","href":"https:\/\/api.w.org\/{rel}","templated":true}]}}