{"id":17554,"date":"2026-01-19T04:12:55","date_gmt":"2026-01-19T03:12:55","guid":{"rendered":"https:\/\/oponypoint.shop\/xef5\/produkt\/2x-295-35r21-vredestein-quatrac-pro-107y-caloroczne-wyprzedaz\/"},"modified":"2026-01-19T04:12:55","modified_gmt":"2026-01-19T03:12:55","slug":"2x-295-35r21-vredestein-quatrac-pro-107y-caloroczne-wyprzedaz","status":"publish","type":"product","link":"https:\/\/oponixo.shop\/tire\/produkt\/2x-295-35r21-vredestein-quatrac-pro-107y-caloroczne-wyprzedaz\/","title":{"rendered":"2x 295\/35R21 Vredestein Quatrac Pro 107Y CA\u0141OROCZNE WYPRZEDA\u017b"},"content":{"rendered":"<div style=\"font-family: Arial, sans-serif; line-height: 1.6; color: #333; padding: 20px; clear: both; display: block; width: 100%; float: none; position: static; overflow: hidden;\">\n<div style=\"clear: both; display: block; margin: 10px 0;\">\n<div style=\"clear: both; display: block; margin: 10px 0;\">\n<div style=\"clear: both; display: block; margin: 10px 0;\">\n<div  style=\"max-width:812px;max-height:418px\">\n<div style=\"clear: both; display: block; margin: 10px 0;\">\n<div style=\"clear: both; width: 100%; display: block; margin: 20px 0; padding: 0; float: none; position: static; text-align: center;\"><img decoding=\"async\"  src=\"https:\/\/a.allegroimg.com\/original\/1194ea\/f3601e8c4926bb4213794b101e24\/2x-295-35R21-Vredestein-Quatrac-Pro-107Y-CALOROCZNE-WYPRZEDAZ-Liczba-opon-w-ofercie-2-szt\" srcset=\"https:\/\/a.allegroimg.com\/original\/1194ea\/f3601e8c4926bb4213794b101e24\/2x-295-35R21-Vredestein-Quatrac-Pro-107Y-CALOROCZNE-WYPRZEDAZ-Liczba-opon-w-ofercie-2-szt 360w,https:\/\/a.allegroimg.com\/original\/1194ea\/f3601e8c4926bb4213794b101e24\/2x-295-35R21-Vredestein-Quatrac-Pro-107Y-CALOROCZNE-WYPRZEDAZ-Liczba-opon-w-ofercie-2-szt 720w,https:\/\/a.allegroimg.com\/original\/1194ea\/f3601e8c4926bb4213794b101e24\/2x-295-35R21-Vredestein-Quatrac-Pro-107Y-CALOROCZNE-WYPRZEDAZ-Liczba-opon-w-ofercie-2-szt 812w,https:\/\/a.allegroimg.com\/original\/1194ea\/f3601e8c4926bb4213794b101e24\/2x-295-35R21-Vredestein-Quatrac-Pro-107Y-CALOROCZNE-WYPRZEDAZ-Liczba-opon-w-ofercie-2-szt 812w\" sizes=\"100vw\" width=\"812px\" alt=\"2x 295\/35R21 Vredestein Quatrac Pro 107Y CA\u0141OROCZNE WYPRZEDA\u017b Liczba opon w ofercie 2 szt.\" style=\"max-width: 100%; height: auto; display: block; margin: 0 auto;\"><\/div>\n<\/div>\n<\/div>\n<\/div>\n<\/div>\n<\/div>\n<div style=\"clear: both; display: block; margin: 10px 0;\">\n<div style=\"clear: both; display: block; margin: 10px 0;\">\n<div style=\"clear: both; display: block; margin: 10px 0;\">\n<div  style=\"max-width:296px;max-height:235px\">\n<div style=\"clear: both; display: block; margin: 10px 0;\">\n<div style=\"clear: both; width: 100%; display: block; margin: 20px 0; padding: 0; float: none; position: static; text-align: center;\"><img decoding=\"async\"  src=\"https:\/\/a.allegroimg.com\/original\/117000\/d1c7778a425f9f184780a0cef7af\/2x-295-35R21-Vredestein-Quatrac-Pro-107Y-CALOROCZNE-WYPRZEDAZ\" srcset=\"https:\/\/a.allegroimg.com\/original\/117000\/d1c7778a425f9f184780a0cef7af\/2x-295-35R21-Vredestein-Quatrac-Pro-107Y-CALOROCZNE-WYPRZEDAZ 296w,https:\/\/a.allegroimg.com\/original\/117000\/d1c7778a425f9f184780a0cef7af\/2x-295-35R21-Vredestein-Quatrac-Pro-107Y-CALOROCZNE-WYPRZEDAZ 296w\" sizes=\"(min-width: 1200px) 560px, (min-width: 992px) 50vw, 100vw\" width=\"296px\" alt=\"2x 295\/35R21 Vredestein Quatrac Pro 107Y CA\u0141OROCZNE WYPRZEDA\u017b\" style=\"max-width: 100%; height: auto; display: block; margin: 0 auto;\"><\/div>\n<\/div>\n<\/div>\n<\/div>\n<\/div>\n<div style=\"clear: both; display: block; margin: 10px 0;\">\n<div style=\"clear: both; display: block; margin: 10px 0;\">\n<h3 style=\"color: #2c5aa0; font-size: 18px; margin: 30px 0 15px 0; font-weight: bold; clear: both; display: block; width: 100%; float: none; position: static;\">PARAMETRY OPON:<\/h3>\n<p style=\"margin: 15px 0; line-height: 1.8; clear: both; display: block; width: 100%; float: none; position: static;\">Producent: Vredestein<\/p>\n<p style=\"margin: 15px 0; line-height: 1.8; clear: both; display: block; width: 100%; float: none; position: static;\">Model: Quatrac Pro<\/p>\n<p style=\"margin: 15px 0; line-height: 1.8; clear: both; display: block; width: 100%; float: none; position: static;\">Rozmiar: 295\/35R21<\/p>\n<p style=\"margin: 15px 0; line-height: 1.8; clear: both; display: block; width: 100%; float: none; position: static;\">Indeks no\u015bno\u015bci: 107Y<\/p>\n<p style=\"margin: 15px 0; line-height: 1.8; clear: both; display: block; width: 100%; float: none; position: static;\">Indeks pr\u0119dko\u015bci: Y do 300 km\/h<\/p>\n<p style=\"margin: 15px 0; line-height: 1.8; clear: both; display: block; width: 100%; float: none; position: static;\">Op\u00f3r toczenia: C<\/p>\n<p style=\"margin: 15px 0; line-height: 1.8; clear: both; display: block; width: 100%; float: none; position: static;\">Przyczepno\u015b\u0107 na mokrej nawierzchni: B<\/p>\n<p style=\"margin: 15px 0; line-height: 1.8; clear: both; display: block; width: 100%; float: none; position: static;\">Ha\u0142as zewn\u0119trzny: 74dB<\/p>\n<p style=\"margin: 15px 0; line-height: 1.8; clear: both; display: block; width: 100%; float: none; position: static;\">Informacje dodatkowe: rant ochronny|wzmocnienie (XL)|<\/p>\n<\/div>\n<\/div>\n<\/div>\n<div style=\"clear: both; display: block; margin: 10px 0;\">\n<div style=\"clear: both; display: block; margin: 10px 0;\">\n<div style=\"clear: both; display: block; margin: 10px 0;\">\n<h3 style=\"color: #2c5aa0; font-size: 18px; margin: 30px 0 15px 0; font-weight: bold; clear: both; display: block; width: 100%; float: none; position: static;\">Vredestein Quatrac Pro z tor\u00f3w wy\u015bcigowych na ulice<\/h3>\n<p style=\"margin: 15px 0; line-height: 1.8; clear: both; display: block; width: 100%; float: none; position: static;\">Vredestein Quatrac Pro to prawdziwa gratka dla fan\u00f3w segmentu UHP. Co to oznacza dla u\u017cytkownika? Wysokie parametry dotycz\u0105ce wytrzyma\u0142o\u015bci, bezpiecze\u0144stwa i opor\u00f3w toczenia oraz ulepszone osi\u0105gi. Taki rezultat uda\u0142o si\u0119 uzyska\u0107 dzi\u0119ki po\u0142\u0105czeniu nowoczesnych technologii oraz do\u015bwiadczenia zdobytego na torach wy\u015bcigowych.<\/p>\n<p style=\"margin: 15px 0; line-height: 1.8; clear: both; display: block; width: 100%; float: none; position: static;\">Model Vredestein Quatrac Pro jest dostosowana do ca\u0142orocznej pracy. Jego bie\u017cnik oraz mieszanka, z kt\u00f3rej jest wykonany, dostosowane s\u0105 do r\u00f3\u017cnych warunk\u00f3w pogodowych: \u015bniegu, lodu, deszczu, niskich oraz wysokich temperatur. Nie bez powodu opona zdoby\u0142a symbol p\u0142atka \u015bniegu, czyli potwierdzenie, \u017ce spe\u0142nia normy Unii Europejskiej dotycz\u0105ce modeli zimowych.<\/p>\n<h3 style=\"color: #2c5aa0; font-size: 18px; margin: 30px 0 15px 0; font-weight: bold; clear: both; display: block; width: 100%; float: none; position: static;\">Na s\u0142o\u0144ce i \u015bnieg<\/h3>\n<p style=\"margin: 15px 0; line-height: 1.8; clear: both; display: block; width: 100%; float: none; position: static;\">Vredestein Quatrac Pro ma wyodr\u0119bnion\u0105 cz\u0119\u015b\u0107 przystosowan\u0105 do jazdy zim\u0105 i \u2013 drug\u0105 \u2013 do jazdy latem. To w\u0142a\u015bnie ten podzia\u0142 pozwala jej uzyska\u0107 niesamowite osi\u0105gi przez ca\u0142e u\u017cytkowanie, niezale\u017cnie od sezonu. Dodatkowo poszerzone \u017cebra w \u015brodkowym fragmencie opony wspomagaj\u0105 precyzyjn\u0105, dok\u0142adnie po torze, jazd\u0119.<\/p>\n<p style=\"margin: 15px 0; line-height: 1.8; clear: both; display: block; width: 100%; float: none; position: static;\">Na skuteczn\u0105 jazd\u0119 po o\u015bnie\u017conej nawierzchni wp\u0142ywa tak\u017ce rozmieszczenie lameli w \u015brodkowej, czyli dedykowanej zimowym warunkom, cz\u0119\u015bci. R\u00f3wnomierny rozk\u0142ad napr\u0119\u017ce\u0144 podnosi ich skuteczno\u015b\u0107. Lamele dok\u0142adnie przylegaj\u0105 do \u015bniegu, przyklejaj\u0105 si\u0119 do niego i chroni\u0105 przed po\u015blizgiem.<\/p>\n<h3 style=\"color: #2c5aa0; font-size: 18px; margin: 30px 0 15px 0; font-weight: bold; clear: both; display: block; width: 100%; float: none; position: static;\">Mieszanka doskona\u0142a<\/h3>\n<p style=\"margin: 15px 0; line-height: 1.8; clear: both; display: block; width: 100%; float: none; position: static;\">Do gwarancji ca\u0142orocznego bezpiecze\u0144stwa przyczynia si\u0119 r\u00f3wnie\u017c mieszanka gumy, z kt\u00f3rej zbudowana jest opona. W jej sk\u0142adzie znajduje si\u0119 odporna na niskie temperatury krzemionka oraz gumo\u017cywica. Krzemionka chroni opon\u0119 przed niskimi temperaturami, dzi\u0119ki czemu zachowuje ona swoje wysokie parametry r\u00f3wnie\u017c w czasie zimy. Natomiast gumo\u017cywica \u201eprzykleja\u201d opon\u0119 do drogi. W ten spos\u00f3b zapewnia jej maksymaln\u0105 przyczepno\u015b\u0107.<\/p>\n<h3 style=\"color: #2c5aa0; font-size: 18px; margin: 30px 0 15px 0; font-weight: bold; clear: both; display: block; width: 100%; float: none; position: static;\">Parametry godne Mistrza<\/h3>\n<p style=\"margin: 15px 0; line-height: 1.8; clear: both; display: block; width: 100%; float: none; position: static;\">Technologie, sprawdzone nie tylko na drodze, ale i na torach wy\u015bcigowych, pozwoli\u0142y oponie Vredestein Quatrac Pro poprawi\u0107 parametry, kt\u00f3re mia\u0142a jej poprzedniczka. Nowy model to lepsza przyczepno\u015b\u0107 na mokrej drodze o ponad 10%, czy poprawione hamowanie na \u015bniegu o 5%. Nie bez powodu to w\u0142a\u015bnie ten model uzyska\u0142 najwy\u017csze osi\u0105gi w segmencie opon ca\u0142orocznych.<\/p>\n<\/div>\n<\/div>\n<\/div>\n<div style=\"clear: both; display: block; margin: 10px 0;\">\n<div style=\"clear: both; display: block; margin: 10px 0;\">\n<div style=\"clear: both; display: block; margin: 10px 0;\">\n<div  style=\"max-width:150px;max-height:235px\">\n<div style=\"clear: both; display: block; margin: 10px 0;\">\n<div style=\"clear: both; width: 100%; display: block; margin: 20px 0; padding: 0; float: none; position: static; text-align: center;\"><img decoding=\"async\"  src=\"https:\/\/a.allegroimg.com\/original\/112349\/358d0dc84d32bd109baffeb45311\/2x-295-35R21-Vredestein-Quatrac-Pro-107Y-CALOROCZNE-WYPRZEDAZ-Marka-Vredestein\" srcset=\"https:\/\/a.allegroimg.com\/original\/112349\/358d0dc84d32bd109baffeb45311\/2x-295-35R21-Vredestein-Quatrac-Pro-107Y-CALOROCZNE-WYPRZEDAZ-Marka-Vredestein 150w,https:\/\/a.allegroimg.com\/original\/112349\/358d0dc84d32bd109baffeb45311\/2x-295-35R21-Vredestein-Quatrac-Pro-107Y-CALOROCZNE-WYPRZEDAZ-Marka-Vredestein 150w\" sizes=\"100vw\" width=\"150px\" alt=\"2x 295\/35R21 Vredestein Quatrac Pro 107Y CA\u0141OROCZNE WYPRZEDA\u017b Marka Vredestein\" style=\"max-width: 100%; height: auto; display: block; margin: 0 auto;\"><\/div>\n<\/div>\n<\/div>\n<\/div>\n<\/div>\n<\/div>\n<\/div>\n<\/div>\n<\/div>\n<div style=\"clear: both; display: block; margin: 10px 0;\">\n","protected":false},"excerpt":{"rendered":"<p>PARAMETRY OPON:<\/p>\n<p>Producent: Vredestein<\/p>\n<p>Model: Quatrac Pro<\/p>\n<p>Rozmiar: 295\/35R21<\/p>\n<p>Indeks no\u015bno\u015bci: 107Y<\/p>\n<p>Indeks pr\u0119dko\u015bci: Y do 300 km\/h<\/p>\n<p>Op\u00f3r toczenia: C<\/p>\n<p>Przyczepno\u015b\u0107 na mokrej nawierzchni: B<\/p>\n","protected":false},"featured_media":17555,"template":"","meta":{"_uag_custom_page_level_css":""},"product_brand":[436],"product_cat":[416,428,413,412],"product_tag":[],"class_list":{"0":"post-17554","1":"product","2":"type-product","3":"status-publish","4":"has-post-thumbnail","6":"product_brand-vredestein","7":"product_cat-caloroczne","8":"product_cat-do-samochodow-terenowych-i-4x4","9":"product_cat-opony","10":"product_cat-opony-i-felgi","12":"first","13":"instock","14":"shipping-taxable","15":"purchasable","16":"product-type-simple"},"uagb_featured_image_src":{"full":["https:\/\/oponixo.shop\/tire\/wp-content\/uploads\/2026\/01\/allegro-image-17554.jpg",296,235,false],"thumbnail":["https:\/\/oponixo.shop\/tire\/wp-content\/uploads\/2026\/01\/allegro-image-17554-150x150.jpg",150,150,true],"medium":["https:\/\/oponixo.shop\/tire\/wp-content\/uploads\/2026\/01\/allegro-image-17554.jpg",296,235,false],"medium_large":["https:\/\/oponixo.shop\/tire\/wp-content\/uploads\/2026\/01\/allegro-image-17554.jpg",296,235,false],"large":["https:\/\/oponixo.shop\/tire\/wp-content\/uploads\/2026\/01\/allegro-image-17554.jpg",296,235,false],"1536x1536":["https:\/\/oponixo.shop\/tire\/wp-content\/uploads\/2026\/01\/allegro-image-17554.jpg",296,235,false],"2048x2048":["https:\/\/oponixo.shop\/tire\/wp-content\/uploads\/2026\/01\/allegro-image-17554.jpg",296,235,false],"woocommerce_thumbnail":["https:\/\/oponixo.shop\/tire\/wp-content\/uploads\/2026\/01\/allegro-image-17554.jpg",296,235,false],"woocommerce_single":["https:\/\/oponixo.shop\/tire\/wp-content\/uploads\/2026\/01\/allegro-image-17554.jpg",296,235,false],"woocommerce_gallery_thumbnail":["https:\/\/oponixo.shop\/tire\/wp-content\/uploads\/2026\/01\/allegro-image-17554-100x100.jpg",100,100,true]},"uagb_author_info":{"display_name":"admin","author_link":"https:\/\/oponixo.shop\/tire\/author\/"},"uagb_comment_info":0,"uagb_excerpt":"PARAMETRY OPON: Producent: Vredestein Model: Quatrac Pro Rozmiar: 295\/35R21 Indeks no\u015bno\u015bci: 107Y Indeks pr\u0119dko\u015bci: Y do 300 km\/h Op\u00f3r toczenia: C Przyczepno\u015b\u0107 na mokrej nawierzchni: B","_links":{"self":[{"href":"https:\/\/oponixo.shop\/tire\/wp-json\/wp\/v2\/product\/17554","targetHints":{"allow":["GET"]}}],"collection":[{"href":"https:\/\/oponixo.shop\/tire\/wp-json\/wp\/v2\/product"}],"about":[{"href":"https:\/\/oponixo.shop\/tire\/wp-json\/wp\/v2\/types\/product"}],"wp:featuredmedia":[{"embeddable":true,"href":"https:\/\/oponixo.shop\/tire\/wp-json\/wp\/v2\/media\/17555"}],"wp:attachment":[{"href":"https:\/\/oponixo.shop\/tire\/wp-json\/wp\/v2\/media?parent=17554"}],"wp:term":[{"taxonomy":"product_brand","embeddable":true,"href":"https:\/\/oponixo.shop\/tire\/wp-json\/wp\/v2\/product_brand?post=17554"},{"taxonomy":"product_cat","embeddable":true,"href":"https:\/\/oponixo.shop\/tire\/wp-json\/wp\/v2\/product_cat?post=17554"},{"taxonomy":"product_tag","embeddable":true,"href":"https:\/\/oponixo.shop\/tire\/wp-json\/wp\/v2\/product_tag?post=17554"}],"curies":[{"name":"wp","href":"https:\/\/api.w.org\/{rel}","templated":true}]}}